{"id":35,"date":"2011-11-13T12:35:48","date_gmt":"2011-11-13T12:35:48","guid":{"rendered":"http:\/\/www.ciaobella.fr\/site\/?page_id=35"},"modified":"2020-09-27T18:53:09","modified_gmt":"2020-09-27T17:53:09","slug":"biographie-infos","status":"publish","type":"page","link":"http:\/\/www.ciaobella.fr\/site\/biographie-infos\/","title":{"rendered":"Biographie infos"},"content":{"rendered":"<div id=\"tdi_1\" class=\"tdc-row\"><div class=\"vc_row tdi_2  wpb_row td-pb-row\" >\n<style scoped>\n\n\/* custom css *\/\n.tdi_2,\r\n                .tdi_2 .tdc-columns{\r\n                    min-height: 0;\r\n                }.tdi_2,\r\n\t\t\t\t.tdi_2 .tdc-columns{\r\n\t\t\t\t    display: block;\r\n\t\t\t\t}.tdi_2 .tdc-columns{\r\n\t\t\t\t    width: 100%;\r\n\t\t\t\t}\n<\/style><div class=\"vc_column tdi_4  wpb_column vc_column_container tdc-column td-pb-span12\">\n<style scoped>\n\n\/* custom css *\/\n.tdi_4{\r\n                    vertical-align: baseline;\r\n                }.tdi_4 > .wpb_wrapper,\r\n\t\t\t\t.tdi_4 > .wpb_wrapper > .tdc-elements{\r\n\t\t\t\t    display: block;\r\n\t\t\t\t}.tdi_4 > .wpb_wrapper > .tdc-elements{\r\n\t\t\t\t    width: 100%;\r\n\t\t\t\t}.tdi_4 > .wpb_wrapper > .vc_row_inner{\r\n\t\t\t\t    width: auto;\r\n\t\t\t\t}.tdi_4 > .wpb_wrapper{\r\n\t\t\t\t    width: auto;\r\n\t\t\t\t    height: auto;\r\n\t\t\t\t}\n<\/style><div class=\"wpb_wrapper\">[vc_column_text]<div id=\"mega-menu-wrap-max_mega_menu_2\" class=\"mega-menu-wrap\"><div class=\"mega-menu-toggle\"><div class=\"mega-toggle-blocks-left\"><\/div><div class=\"mega-toggle-blocks-center\"><\/div><div class=\"mega-toggle-blocks-right\"><div class='mega-toggle-block mega-menu-toggle-block mega-toggle-block-1' id='mega-toggle-block-1' tabindex='0'><span class='mega-toggle-label' role='button' aria-expanded='false'><span class='mega-toggle-label-closed'>MENU<\/span><span class='mega-toggle-label-open'>MENU<\/span><\/span><\/div><\/div><\/div><ul id=\"mega-menu-max_mega_menu_2\" class=\"mega-menu max-mega-menu mega-menu-horizontal mega-no-js\" data-event=\"hover_intent\" data-effect=\"fade_up\" data-effect-speed=\"200\" data-effect-mobile=\"disabled\" data-effect-speed-mobile=\"0\" data-mobile-force-width=\"false\" data-second-click=\"go\" data-document-click=\"collapse\" data-vertical-behaviour=\"standard\" data-breakpoint=\"600\" data-unbind=\"true\" data-mobile-state=\"collapse_all\" data-hover-intent-timeout=\"300\" data-hover-intent-interval=\"100\"><li class='mega-menu-item mega-menu-item-type-post_type mega-menu-item-object-page mega-align-bottom-left mega-menu-flyout mega-menu-item-first mega-menu-item-12205' id='mega-menu-item-12205'><a class=\"mega-menu-link\" href=\"http:\/\/www.ciaobella.fr\/site\/biographie\/\" tabindex=\"0\">KEROSENE<\/a><\/li><li class='mega-menu-item mega-menu-item-type-post_type mega-menu-item-object-page mega-align-bottom-left mega-menu-flyout mega-menu-item-12209' id='mega-menu-item-12209'><a class=\"mega-menu-link\" href=\"http:\/\/www.ciaobella.fr\/site\/biographie-2015\/\" tabindex=\"0\">PINK LADY<\/a><\/li><li class='mega-menu-item mega-menu-item-type-post_type mega-menu-item-object-page mega-align-bottom-left mega-menu-flyout mega-menu-item-12206' id='mega-menu-item-12206'><a class=\"mega-menu-link\" href=\"http:\/\/www.ciaobella.fr\/site\/biographie-2013\/\" tabindex=\"0\">ET PUIS JUIN<\/a><\/li><li class='mega-menu-item mega-menu-item-type-post_type mega-menu-item-object-page mega-align-bottom-left mega-menu-flyout mega-menu-item-12208' id='mega-menu-item-12208'><a class=\"mega-menu-link\" href=\"http:\/\/www.ciaobella.fr\/site\/biographie-2009\/\" tabindex=\"0\">LES SOUVENIRS SOUS MA FRANGE<\/a><\/li><li class='mega-menu-item mega-menu-item-type-post_type mega-menu-item-object-page mega-align-bottom-left mega-menu-flyout mega-menu-item-12210' id='mega-menu-item-12210'><a class=\"mega-menu-link\" href=\"http:\/\/www.ciaobella.fr\/site\/biographie-2006\/\" tabindex=\"0\">ROSE<\/a><\/li><li class='mega-menu-item mega-menu-item-type-post_type mega-menu-item-object-page mega-align-bottom-left mega-menu-flyout mega-menu-item-12146' id='mega-menu-item-12146'><a class=\"mega-menu-link\" href=\"http:\/\/www.ciaobella.fr\/site\/biographie-infos\/\" tabindex=\"0\">PLUS D'INFOS<\/a><\/li><\/ul><\/div>[\/vc_column_text]<div class=\"wpb_wrapper td_block_empty_space td_block_wrap vc_empty_space tdi_6 \"  style=\"height: 32px\"><\/div><\/div><\/div><\/div><\/div><div id=\"tdi_7\" class=\"tdc-row\"><div class=\"vc_row tdi_8  wpb_row td-pb-row\" >\n<style scoped>\n\n\/* custom css *\/\n.tdi_8,\r\n                .tdi_8 .tdc-columns{\r\n                    min-height: 0;\r\n                }.tdi_8,\r\n\t\t\t\t.tdi_8 .tdc-columns{\r\n\t\t\t\t    display: block;\r\n\t\t\t\t}.tdi_8 .tdc-columns{\r\n\t\t\t\t    width: 100%;\r\n\t\t\t\t}\n<\/style><div class=\"vc_column tdi_10  wpb_column vc_column_container tdc-column td-pb-span12\">\n<style scoped>\n\n\/* custom css *\/\n.tdi_10{\r\n                    vertical-align: baseline;\r\n                }.tdi_10 > .wpb_wrapper,\r\n\t\t\t\t.tdi_10 > .wpb_wrapper > .tdc-elements{\r\n\t\t\t\t    display: block;\r\n\t\t\t\t}.tdi_10 > .wpb_wrapper > .tdc-elements{\r\n\t\t\t\t    width: 100%;\r\n\t\t\t\t}.tdi_10 > .wpb_wrapper > .vc_row_inner{\r\n\t\t\t\t    width: auto;\r\n\t\t\t\t}.tdi_10 > .wpb_wrapper{\r\n\t\t\t\t    width: auto;\r\n\t\t\t\t    height: auto;\r\n\t\t\t\t}\n<\/style><div class=\"wpb_wrapper\">[ucaddon_side_border_title text=\u00a0\u00bbENGAGEMENT ASSOCIATIF\u00a0\u00bb bg_clr=\u00a0\u00bb#e13689&Prime; uc_fonts_data=\u00a0\u00bbJTdCJTdE\u00a0\u00bb]<div class=\"wpb_wrapper td_block_empty_space td_block_wrap vc_empty_space tdi_12 \"  style=\"height: 32px\"><\/div>[vc_column_text]<a href=\"https:\/\/www.juste-humain.fr\/\"><strong>JUSTE HUMAIN<\/strong><\/a>\r\n\r\n<a href=\"https:\/\/www.actionenfance.org\/\"><strong>ACTION ENFANCE<\/strong><\/a>\r\n\r\n<a href=\"https:\/\/www.facebook.com\/pages\/category\/Nonprofit-Organization\/Pr%C3%AAte-moi-ta-Gomme-142844809093231\/\"><strong>PRETE MOI TA GOMME<\/strong><\/a>\r\n\r\nRose est la marraine de l&rsquo;association <strong>Pr\u00eate-Moi ta gomme<\/strong>.\r\n\u00bb <a href=\"http:\/\/www.ciaobella.fr\/site\/2010\/11\/22\/prete-moi-ta-gomme-nice\/\" target=\"_blank\" rel=\"noopener noreferrer\">En savoir plus<\/a>\r\n\u00bb Vid\u00e9os d&rsquo;un<a href=\"http:\/\/www.ciaobella.fr\/site\/2011\/03\/12\/toky-art-club-paris\/\" target=\"_blank\" rel=\"noopener noreferrer\"> concert dans le cadre de l&rsquo;association<\/a>[\/vc_column_text]<\/div><\/div><\/div><\/div><div id=\"tdi_13\" class=\"tdc-row\"><div class=\"vc_row tdi_14  wpb_row td-pb-row\" >\n<style scoped>\n\n\/* custom css *\/\n.tdi_14,\r\n                .tdi_14 .tdc-columns{\r\n                    min-height: 0;\r\n                }.tdi_14,\r\n\t\t\t\t.tdi_14 .tdc-columns{\r\n\t\t\t\t    display: block;\r\n\t\t\t\t}.tdi_14 .tdc-columns{\r\n\t\t\t\t    width: 100%;\r\n\t\t\t\t}\n<\/style><div class=\"vc_column tdi_16  wpb_column vc_column_container tdc-column td-pb-span12\">\n<style scoped>\n\n\/* custom css *\/\n.tdi_16{\r\n                    vertical-align: baseline;\r\n                }.tdi_16 > .wpb_wrapper,\r\n\t\t\t\t.tdi_16 > .wpb_wrapper > .tdc-elements{\r\n\t\t\t\t    display: block;\r\n\t\t\t\t}.tdi_16 > .wpb_wrapper > .tdc-elements{\r\n\t\t\t\t    width: 100%;\r\n\t\t\t\t}.tdi_16 > .wpb_wrapper > .vc_row_inner{\r\n\t\t\t\t    width: auto;\r\n\t\t\t\t}.tdi_16 > .wpb_wrapper{\r\n\t\t\t\t    width: auto;\r\n\t\t\t\t    height: auto;\r\n\t\t\t\t}\n<\/style><div class=\"wpb_wrapper\">[ucaddon_side_border_title text=\u00a0\u00bbPRIX\u00a0\u00bb bg_clr=\u00a0\u00bb#e13689&Prime; uc_fonts_data=\u00a0\u00bbJTdCJTdE\u00a0\u00bb]<div class=\"wpb_wrapper td_block_empty_space td_block_wrap vc_empty_space tdi_18 \"  style=\"height: 32px\"><\/div>[vc_column_text]<img src=\"http:\/\/www.ciaobella.fr\/v2\/images\/puce.gif\" alt=\"\" \/> <strong>Talent France Bleu d\u00e9couverte 2007<\/strong>\r\n\r\n<a href=\"http:\/\/www.ciaobella.fr\/site\/wp-content\/uploads\/2011\/11\/tropheefrancebleura2.jpg\"><img loading=\"lazy\" class=\"alignnone size-medium wp-image-38\" title=\"tropheefrancebleura2\" src=\"http:\/\/www.ciaobella.fr\/site\/wp-content\/uploads\/2011\/11\/tropheefrancebleura2-300x262.jpg\" alt=\"\" width=\"300\" height=\"262\" srcset=\"http:\/\/www.ciaobella.fr\/site\/wp-content\/uploads\/2011\/11\/tropheefrancebleura2-300x262.jpg 300w, http:\/\/www.ciaobella.fr\/site\/wp-content\/uploads\/2011\/11\/tropheefrancebleura2.jpg 320w\" sizes=\"(max-width: 300px) 100vw, 300px\" \/><\/a>\r\n\r\nPrix remis \u00e0 Rose le <strong>15 novembre 2007<\/strong> au Z\u00e9nith de Rouen, par Renaud et Patrick Bruel, parrains de la soir\u00e9e.\r\n\r\n<img src=\"http:\/\/www.ciaobella.fr\/v2\/images\/puce.gif\" alt=\"\" \/> <strong>Globe de Cristal 2008<\/strong>\r\n\r\nRose a re\u00e7u le Globe de Cristal de la Meilleure Interpr\u00e8te f\u00e9minine Cat\u00e9gorie Musique, le <strong>11 f\u00e9vrier 2008<\/strong> au Lido (Paris).\r\n\r\n<a href=\"http:\/\/www.ciaobella.fr\/site\/wp-content\/uploads\/2011\/11\/globes_de_cristal.jpg\"><img loading=\"lazy\" class=\"alignnone size-thumbnail wp-image-51\" title=\"globes_de_cristal\" src=\"http:\/\/www.ciaobella.fr\/site\/wp-content\/uploads\/2011\/11\/globes_de_cristal-150x150.jpg\" alt=\"\" width=\"150\" height=\"150\" \/><\/a><a href=\"http:\/\/www.ciaobella.fr\/site\/wp-content\/uploads\/2011\/11\/ELLE_18fev08_resize.jpg\"><img loading=\"lazy\" class=\"alignnone size-thumbnail wp-image-54\" title=\"ELLE_18fev08_resize\" src=\"http:\/\/www.ciaobella.fr\/site\/wp-content\/uploads\/2011\/11\/ELLE_18fev08_resize-150x150.jpg\" alt=\"\" width=\"150\" height=\"150\" \/><\/a><a href=\"http:\/\/www.ciaobella.fr\/site\/wp-content\/uploads\/2011\/11\/globes_cristal.png\"><img loading=\"lazy\" class=\"alignnone size-thumbnail wp-image-53\" title=\"globes_cristal\" src=\"http:\/\/www.ciaobella.fr\/site\/wp-content\/uploads\/2011\/11\/globes_cristal-150x150.png\" alt=\"\" width=\"150\" height=\"150\" \/><\/a>\r\n<small>Photos \u00a9 Marc Susset-Lacroix et http:\/\/doudine0412.skyrock.com<\/small>\r\n\r\nLes autres nomm\u00e9es dans cette cat\u00e9gorie \u00e9taient Vanessa Paradis, Jennifer Ayache (Superbus), Daphn\u00e9 et Pauline Croze.\r\n\u00bb <a href=\"http:\/\/www.ciaobella.fr\/site\/2008\/02\/11\/globes-de-cristal-paris-premiere\/\">Voir la vid\u00e9o de la c\u00e9r\u00e9monie<\/a>\r\n\u00bb <a href=\"http:\/\/www.ciaobella.fr\/forum\/viewtopic.php?t=371\">On en parle sur le forum<\/a>\r\n\u00bb <a href=\"http:\/\/www.globesdecristal.fr\/\">Le site des Globes de Cristal<\/a>\r\n\r\n<img src=\"http:\/\/www.ciaobella.fr\/v2\/images\/puce.gif\" alt=\"\" \/> <strong>Festival du clip 2008<\/strong>\r\n\r\nLe clip de CiaoBella, r\u00e9alis\u00e9 par <a href=\"http:\/\/www.paf-lechien.com\/\" target=\"_blank\" rel=\"noopener noreferrer\">Paf ! le chien<\/a>, a re\u00e7u le Prix du Jury, section Emergence au Festival International des Arts du Clip 2008.\r\n\r\n<a href=\"http:\/\/www.ciaobella.fr\/site\/wp-content\/uploads\/2011\/11\/clip_ciaobella_1.png\"><img loading=\"lazy\" class=\"alignnone size-thumbnail wp-image-1020\" title=\"clip_ciaobella_1\" src=\"http:\/\/www.ciaobella.fr\/site\/wp-content\/uploads\/2011\/11\/clip_ciaobella_1-150x150.png\" alt=\"\" width=\"150\" height=\"150\" \/><\/a> <a href=\"http:\/\/www.ciaobella.fr\/site\/wp-content\/uploads\/2011\/11\/clip_ciaobella_2.png\"><img loading=\"lazy\" class=\"alignnone size-thumbnail wp-image-1021\" title=\"clip_ciaobella_2\" src=\"http:\/\/www.ciaobella.fr\/site\/wp-content\/uploads\/2011\/11\/clip_ciaobella_2-150x150.png\" alt=\"\" width=\"150\" height=\"150\" \/><\/a> <a href=\"http:\/\/www.ciaobella.fr\/site\/wp-content\/uploads\/2011\/11\/clip_ciaobella_3.png\"><img loading=\"lazy\" class=\"alignnone size-thumbnail wp-image-1022\" title=\"clip_ciaobella_3\" src=\"http:\/\/www.ciaobella.fr\/site\/wp-content\/uploads\/2011\/11\/clip_ciaobella_3-150x150.png\" alt=\"\" width=\"150\" height=\"150\" \/><\/a>\r\n\r\n\u00bb <a href=\"http:\/\/www.ciaobella.fr\/site\/videos-clips\/\" target=\"_blank\" rel=\"noopener noreferrer\">Voir le clip<\/a>\r\n\u00bb <a href=\"http:\/\/www.festivalduclip.com\/\" target=\"_blank\" rel=\"noopener noreferrer\">Le site du Festival du Clip<\/a>[\/vc_column_text]<\/div><\/div><\/div><\/div><div id=\"tdi_19\" class=\"tdc-row\"><div class=\"vc_row tdi_20  wpb_row td-pb-row\" >\n<style scoped>\n\n\/* custom css *\/\n.tdi_20,\r\n                .tdi_20 .tdc-columns{\r\n                    min-height: 0;\r\n                }.tdi_20,\r\n\t\t\t\t.tdi_20 .tdc-columns{\r\n\t\t\t\t    display: block;\r\n\t\t\t\t}.tdi_20 .tdc-columns{\r\n\t\t\t\t    width: 100%;\r\n\t\t\t\t}\n<\/style><div class=\"vc_column tdi_22  wpb_column vc_column_container tdc-column td-pb-span12\">\n<style scoped>\n\n\/* custom css *\/\n.tdi_22{\r\n                    vertical-align: baseline;\r\n                }.tdi_22 > .wpb_wrapper,\r\n\t\t\t\t.tdi_22 > .wpb_wrapper > .tdc-elements{\r\n\t\t\t\t    display: block;\r\n\t\t\t\t}.tdi_22 > .wpb_wrapper > .tdc-elements{\r\n\t\t\t\t    width: 100%;\r\n\t\t\t\t}.tdi_22 > .wpb_wrapper > .vc_row_inner{\r\n\t\t\t\t    width: auto;\r\n\t\t\t\t}.tdi_22 > .wpb_wrapper{\r\n\t\t\t\t    width: auto;\r\n\t\t\t\t    height: auto;\r\n\t\t\t\t}\n<\/style><div class=\"wpb_wrapper\">[ucaddon_side_border_title text=\u00a0\u00bbNOMINATIONS\u00a0\u00bb bg_clr=\u00a0\u00bb#e13689&Prime; uc_fonts_data=\u00a0\u00bbJTdCJTdE\u00a0\u00bb]<div class=\"wpb_wrapper td_block_empty_space td_block_wrap vc_empty_space tdi_24 \"  style=\"height: 32px\"><\/div>[vc_column_text]\r\n\r\n<strong>Etoiles Ch\u00e9rie FM 2007<\/strong>\r\n\r\nRose a \u00e9t\u00e9 nomm\u00e9e aux Etoiles Ch\u00e9rie FM 2007 dans la cat\u00e9gorie R\u00e9v\u00e9lation de l\u2019Ann\u00e9e. Elle concourait aux c\u00f4t\u00e9s de Fr\u00e9d\u00e9ric Lerner, Christophe Ma\u00e9, Christophe Willem et Elodie Fr\u00e9g\u00e9, qui a remport\u00e9 le prix.\r\nLa c\u00e9r\u00e9monie s\u2019est d\u00e9roul\u00e9e le 5 novembre 2007.\r\n\r\n<a href=\"http:\/\/www.ciaobella.fr\/site\/wp-content\/uploads\/2011\/11\/etoiles_cherie_fm_1.jpg\"><img loading=\"lazy\" class=\"alignnone size-thumbnail wp-image-1025\" title=\"France - &quot;Les Etoiles de Cherie FM&quot; - Arrivals\" src=\"http:\/\/www.ciaobella.fr\/site\/wp-content\/uploads\/2011\/11\/etoiles_cherie_fm_1-150x150.jpg\" alt=\"\" width=\"150\" height=\"150\" \/><\/a> <a href=\"http:\/\/www.ciaobella.fr\/site\/wp-content\/uploads\/2011\/11\/etoiles_cherie_fm_2.jpg\"><img loading=\"lazy\" class=\"alignnone size-thumbnail wp-image-1026\" title=\"France - &quot;Les Etoiles de Cherie FM&quot; - Arrivals\" src=\"http:\/\/www.ciaobella.fr\/site\/wp-content\/uploads\/2011\/11\/etoiles_cherie_fm_2-150x150.jpg\" alt=\"\" width=\"150\" height=\"150\" \/><\/a> <a href=\"http:\/\/www.ciaobella.fr\/site\/wp-content\/uploads\/2011\/11\/etoiles_cherie_fm_3.jpg\"><img loading=\"lazy\" class=\"alignnone size-thumbnail wp-image-1027\" title=\"France - &quot;Les Etoiles de Cherie FM&quot; - Arrivals\" src=\"http:\/\/www.ciaobella.fr\/site\/wp-content\/uploads\/2011\/11\/etoiles_cherie_fm_3-150x150.jpg\" alt=\"\" width=\"150\" height=\"150\" \/><\/a>\r\n\r\n<a href=\"http:\/\/www.ciaobella.fr\/site\/wp-content\/uploads\/2011\/11\/etoiles_cheriefm.jpg\"><img loading=\"lazy\" class=\"alignnone size-thumbnail wp-image-1031\" title=\"etoiles_cheriefm\" src=\"http:\/\/www.ciaobella.fr\/site\/wp-content\/uploads\/2011\/11\/etoiles_cheriefm-150x150.jpg\" alt=\"\" width=\"150\" height=\"150\" \/><\/a> <a href=\"http:\/\/www.ciaobella.fr\/site\/wp-content\/uploads\/2011\/11\/nomines.jpg\"><img loading=\"lazy\" class=\"alignnone size-thumbnail wp-image-1032\" title=\"nomines\" src=\"http:\/\/www.ciaobella.fr\/site\/wp-content\/uploads\/2011\/11\/nomines-150x150.jpg\" alt=\"\" width=\"150\" height=\"150\" \/><\/a> <a href=\"http:\/\/www.ciaobella.fr\/site\/wp-content\/uploads\/2011\/11\/caps_etoiles.jpg\"><img loading=\"lazy\" class=\"alignnone size-thumbnail wp-image-1033\" title=\"caps_etoiles\" src=\"http:\/\/www.ciaobella.fr\/site\/wp-content\/uploads\/2011\/11\/caps_etoiles-150x150.jpg\" alt=\"\" width=\"150\" height=\"150\" \/><\/a>\r\n\r\n\u00bb \u00ab\u00a0La liste\u00a0\u00bb live \u00e0 la soir\u00e9e : <a href=\"http:\/\/www.ciaobella.fr\/site\/2007\/11\/05\/la-liste-etoiles-cherie-fm\">VIDEO<\/a> \/\/ <a href=\"http:\/\/www.ciaobella.fr\/site\/2007\/11\/05\/les-etoiles-cherie-fm\/\">AUDIO<\/a>\r\n\u00bb Le <a href=\"http:\/\/www.ciaobella.fr\/forum\/viewtopic.php?t=208\" target=\"_blank\" rel=\"noopener noreferrer\">transcript du chat r\u00e9alis\u00e9 par Ch\u00e9rie FM<\/a> \u00e0 l&rsquo;occasion de l&rsquo;\u00e9v\u00e8nement\r\n\u00bb <a href=\"http:\/\/www.ciaobella.fr\/forum\/viewtopic.php?t=208\" target=\"_blank\" rel=\"noopener noreferrer\">On en parle sur le FORUM<\/a>\r\n\u00bb <a href=\"http:\/\/www.cheriefm.fr\/\" target=\"_blank\" rel=\"noopener noreferrer\">Le site de Ch\u00e9rie FM<\/a>\r\n\r\n<img src=\"http:\/\/www.ciaobella.fr\/v2\/images\/puce.gif\" alt=\"\" \/> <strong>Prix Constantin 2007<\/strong>\r\n\r\nRose \u00e9tait parmi les 10 finalistes du Prix Constantin, mais c\u2019est Daphn\u00e9 qui a remport\u00e9 le prix.\r\nLe concert\/c\u00e9r\u00e9monie s\u2019est d\u00e9roul\u00e9 le 15 novembre 2007 \u00e0 l\u2019Olympia (Paris).\r\n\r\n<a href=\"http:\/\/www.ciaobella.fr\/site\/wp-content\/uploads\/2011\/11\/prix_constantin_2007_1.jpg\"><img loading=\"lazy\" class=\"alignnone size-thumbnail wp-image-1036\" title=\"ROSEPrix ConstantinPARIS - Olympia - 2007-11-15LRG\" src=\"http:\/\/www.ciaobella.fr\/site\/wp-content\/uploads\/2011\/11\/prix_constantin_2007_1-150x150.jpg\" alt=\"\" width=\"150\" height=\"150\" \/><\/a> <a href=\"http:\/\/www.ciaobella.fr\/site\/wp-content\/uploads\/2011\/11\/prix_constantin_2007_2.jpg\"><img loading=\"lazy\" class=\"alignnone size-thumbnail wp-image-1037\" title=\"ROSEPrix ConstantinPARIS - Olympia - 2007-11-15LRG\" src=\"http:\/\/www.ciaobella.fr\/site\/wp-content\/uploads\/2011\/11\/prix_constantin_2007_2-150x150.jpg\" alt=\"\" width=\"150\" height=\"150\" \/><\/a> <a href=\"http:\/\/www.ciaobella.fr\/site\/wp-content\/uploads\/2011\/11\/prix_constantin_2007_3.jpg\"><img loading=\"lazy\" class=\"alignnone size-thumbnail wp-image-1038\" title=\"ROSEPrix ConstantinPARIS - Olympia - 2007-11-15LRG\" src=\"http:\/\/www.ciaobella.fr\/site\/wp-content\/uploads\/2011\/11\/prix_constantin_2007_3-150x150.jpg\" alt=\"\" width=\"150\" height=\"150\" \/><\/a>\r\n<small>\u00a9 Photos par <a href=\"http:\/\/www.photosconcerts.com\/rose-paris-olympia-2007-11-15-prix-constantin-2172\" target=\"_blank\" rel=\"noopener noreferrer\">Robert Gil<\/a><\/small>\r\n\r\n\u00bb Reportage autour de Rose pendant la soir\u00e9e : <a href=\"http:\/\/www.ciaobella.fr\/site\/2007\/11\/23\/prix-constantin-2007-france-2\/\">VIDEO<\/a>\r\n\u00bb Interview &amp; \u00ab\u00a0Ciao Bella\u00a0\u00bb en rubrique <a href=\"http:\/\/www.ciaobella.fr\/site\/2007\/11\/21\/prix-constantin-france-inter\/\">AUDIO<\/a>\r\n\u00bb <a href=\"http:\/\/www.prixconstantin.com\/\" target=\"_blank\" rel=\"noopener noreferrer\">Le site du Prix Constantin<\/a>\r\n\u00bb <a href=\"www.ciaobella.fr\/forum\/viewtopic.php?t=224\" target=\"_blank\" rel=\"noopener noreferrer\">On en parle sur le FORUM<\/a>\r\n\r\n<img src=\"http:\/\/www.ciaobella.fr\/v2\/images\/puce.gif\" alt=\"\" \/> <strong>Globes de Cristal 2010<\/strong>\r\n\r\nEn 2010, Rose a fait \u00e0 nouveau partie des artistes en lice dans la s\u00e9lection musique des globes de Cristal, pour celui de \u00ab\u00a0la meilleure interpr\u00e8te f\u00e9minine de l\u2019ann\u00e9e\u00a0\u00bb, aux c\u00f4t\u00e9s d\u2019 Olivia Ruiz, C\u0153ur de Pirate, Emily Loizeau et Charlotte Gainsbourg.\r\n\r\nC\u2019est Olivia Ruiz qui a finalement remport\u00e9 le prix.\r\nLa c\u00e9r\u00e9monie a eu lieu au Lido le 11 f\u00e9vrier 2010, et Rose y a interpr\u00e9t\u00e9 \u00ab\u00a0Comment c\u2019\u00e9tait d\u00e9j\u00e0\u00a0\u00bb.\r\n\r\n<a href=\"http:\/\/www.ciaobella.fr\/site\/wp-content\/uploads\/2011\/11\/globes2010_1.jpg\"><img loading=\"lazy\" class=\"alignnone size-thumbnail wp-image-1042\" title=\"globes2010_1\" src=\"http:\/\/www.ciaobella.fr\/site\/wp-content\/uploads\/2011\/11\/globes2010_1-150x150.jpg\" alt=\"\" width=\"150\" height=\"150\" \/><\/a> <a href=\"http:\/\/www.ciaobella.fr\/site\/wp-content\/uploads\/2011\/11\/globes2010_2.jpg\"><img loading=\"lazy\" class=\"alignnone size-thumbnail wp-image-1043\" title=\"globes2010_2\" src=\"http:\/\/www.ciaobella.fr\/site\/wp-content\/uploads\/2011\/11\/globes2010_2-150x150.jpg\" alt=\"\" width=\"150\" height=\"150\" \/><\/a>\r\n\r\n\u00bb <a href=\"http:\/\/www.ciaobella.fr\/site\/2010\/02\/08\/les-globes-de-cristal-virgin-17\/\">Voir la vid\u00e9o de la c\u00e9r\u00e9monie<\/a>\r\n\u00bb <a href=\"http:\/\/www.ciaobella.fr\/forum\/viewtopic.php?t=605\" target=\"_blank\" rel=\"noopener noreferrer\">On en parle sur le FORUM<\/a>[\/vc_column_text]<\/div><\/div><\/div><\/div><div id=\"tdi_25\" class=\"tdc-row\"><div class=\"vc_row tdi_26  wpb_row td-pb-row\" >\n<style scoped>\n\n\/* custom css *\/\n.tdi_26,\r\n                .tdi_26 .tdc-columns{\r\n                    min-height: 0;\r\n                }.tdi_26,\r\n\t\t\t\t.tdi_26 .tdc-columns{\r\n\t\t\t\t    display: block;\r\n\t\t\t\t}.tdi_26 .tdc-columns{\r\n\t\t\t\t    width: 100%;\r\n\t\t\t\t}\n<\/style><div class=\"vc_column tdi_28  wpb_column vc_column_container tdc-column td-pb-span12\">\n<style scoped>\n\n\/* custom css *\/\n.tdi_28{\r\n                    vertical-align: baseline;\r\n                }.tdi_28 > .wpb_wrapper,\r\n\t\t\t\t.tdi_28 > .wpb_wrapper > .tdc-elements{\r\n\t\t\t\t    display: block;\r\n\t\t\t\t}.tdi_28 > .wpb_wrapper > .tdc-elements{\r\n\t\t\t\t    width: 100%;\r\n\t\t\t\t}.tdi_28 > .wpb_wrapper > .vc_row_inner{\r\n\t\t\t\t    width: auto;\r\n\t\t\t\t}.tdi_28 > .wpb_wrapper{\r\n\t\t\t\t    width: auto;\r\n\t\t\t\t    height: auto;\r\n\t\t\t\t}\n<\/style><div class=\"wpb_wrapper\"><\/div><\/div><\/div><\/div>","protected":false},"excerpt":{"rendered":"[vc_column_text]MENUMENUKEROSENEPINK LADYET PUIS JUINLES SOUVENIRS SOUS MA FRANGEROSEPLUS D'INFOS[\/vc_column_text] [ucaddon_side_border_title text=\"ENGAGEMENT ASSOCIATIF\" bg_clr=\"#e13689\" uc_fonts_data=\"JTdCJTdE\"][vc_column_text]JUSTE HUMAIN ACTION ENFANCE PRETE MOI TA GOMME Rose est la marraine de l'association Pr\u00eate-Moi ta gomme. \u00bb En savoir plus \u00bb Vid\u00e9os d'un concert dans le cadre de l'association[\/vc_column_text] [ucaddon_side_border_title text=\"PRIX\" bg_clr=\"#e13689\" uc_fonts_data=\"JTdCJTdE\"][vc_column_text] Talent France Bleu d\u00e9couverte 2007 Prix remis \u00e0 [...]","protected":false},"author":2,"featured_media":0,"parent":0,"menu_order":0,"comment_status":"closed","ping_status":"closed","template":"","meta":[],"_links":{"self":[{"href":"http:\/\/www.ciaobella.fr\/site\/wp-json\/wp\/v2\/pages\/35"}],"collection":[{"href":"http:\/\/www.ciaobella.fr\/site\/wp-json\/wp\/v2\/pages"}],"about":[{"href":"http:\/\/www.ciaobella.fr\/site\/wp-json\/wp\/v2\/types\/page"}],"author":[{"embeddable":true,"href":"http:\/\/www.ciaobella.fr\/site\/wp-json\/wp\/v2\/users\/2"}],"replies":[{"embeddable":true,"href":"http:\/\/www.ciaobella.fr\/site\/wp-json\/wp\/v2\/comments?post=35"}],"version-history":[{"count":41,"href":"http:\/\/www.ciaobella.fr\/site\/wp-json\/wp\/v2\/pages\/35\/revisions"}],"predecessor-version":[{"id":12908,"href":"http:\/\/www.ciaobella.fr\/site\/wp-json\/wp\/v2\/pages\/35\/revisions\/12908"}],"wp:attachment":[{"href":"http:\/\/www.ciaobella.fr\/site\/wp-json\/wp\/v2\/media?parent=35"}],"curies":[{"name":"wp","href":"https:\/\/api.w.org\/{rel}","templated":true}]}}