{"id":12499,"date":"2019-09-17T18:16:30","date_gmt":"2019-09-17T17:16:30","guid":{"rendered":"http:\/\/www.ciaobella.fr\/site\/?page_id=12499"},"modified":"2020-09-28T17:42:23","modified_gmt":"2020-09-28T16:42:23","slug":"bibliographie","status":"publish","type":"page","link":"http:\/\/www.ciaobella.fr\/site\/bibliographie\/","title":{"rendered":"Bibliographie"},"content":{"rendered":"<div id=\"tdi_1\" class=\"tdc-row\"><div class=\"vc_row tdi_2  wpb_row td-pb-row\" >\n<style scoped>\n\n\/* custom css *\/\n.tdi_2,\r\n                .tdi_2 .tdc-columns{\r\n                    min-height: 0;\r\n                }.tdi_2,\r\n\t\t\t\t.tdi_2 .tdc-columns{\r\n\t\t\t\t    display: block;\r\n\t\t\t\t}.tdi_2 .tdc-columns{\r\n\t\t\t\t    width: 100%;\r\n\t\t\t\t}\n<\/style><div class=\"vc_column tdi_4  wpb_column vc_column_container tdc-column td-pb-span12\">\n<style scoped>\n\n\/* custom css *\/\n.tdi_4{\r\n                    vertical-align: baseline;\r\n                }.tdi_4 > .wpb_wrapper,\r\n\t\t\t\t.tdi_4 > .wpb_wrapper > .tdc-elements{\r\n\t\t\t\t    display: block;\r\n\t\t\t\t}.tdi_4 > .wpb_wrapper > .tdc-elements{\r\n\t\t\t\t    width: 100%;\r\n\t\t\t\t}.tdi_4 > .wpb_wrapper > .vc_row_inner{\r\n\t\t\t\t    width: auto;\r\n\t\t\t\t}.tdi_4 > .wpb_wrapper{\r\n\t\t\t\t    width: auto;\r\n\t\t\t\t    height: auto;\r\n\t\t\t\t}\n<\/style><div class=\"wpb_wrapper\">[vc_column_text]<div id=\"mega-menu-wrap-max_mega_menu_3\" class=\"mega-menu-wrap\"><div class=\"mega-menu-toggle\"><div class=\"mega-toggle-blocks-left\"><\/div><div class=\"mega-toggle-blocks-center\"><\/div><div class=\"mega-toggle-blocks-right\"><div class='mega-toggle-block mega-menu-toggle-block mega-toggle-block-1' id='mega-toggle-block-1' tabindex='0'><span class='mega-toggle-label' role='button' aria-expanded='false'><span class='mega-toggle-label-closed'>MENU<\/span><span class='mega-toggle-label-open'>MENU<\/span><\/span><\/div><\/div><\/div><ul id=\"mega-menu-max_mega_menu_3\" class=\"mega-menu max-mega-menu mega-menu-horizontal mega-no-js\" data-event=\"hover_intent\" data-effect=\"fade_up\" data-effect-speed=\"200\" data-effect-mobile=\"disabled\" data-effect-speed-mobile=\"0\" data-mobile-force-width=\"false\" data-second-click=\"go\" data-document-click=\"collapse\" data-vertical-behaviour=\"standard\" data-breakpoint=\"600\" data-unbind=\"true\" data-mobile-state=\"collapse_all\" data-hover-intent-timeout=\"300\" data-hover-intent-interval=\"100\"><li class='mega-menu-item mega-menu-item-type-custom mega-menu-item-object-custom mega-align-bottom-left mega-menu-flyout mega-menu-item-first mega-menu-item-12501' id='mega-menu-item-12501'><a class=\"mega-menu-link\" href=\"#livres\" tabindex=\"0\">ROSE AUTEURE<\/a><\/li><li class='mega-menu-item mega-menu-item-type-custom mega-menu-item-object-custom mega-align-bottom-left mega-menu-flyout mega-menu-item-12502' id='mega-menu-item-12502'><a class=\"mega-menu-link\" href=\"#chansons\" tabindex=\"0\">ROSE PAROLIERE<\/a><\/li><li class='mega-menu-item mega-menu-item-type-custom mega-menu-item-object-custom mega-align-bottom-left mega-menu-flyout mega-menu-item-12503' id='mega-menu-item-12503'><a class=\"mega-menu-link\" href=\"#autrelivre\" tabindex=\"0\">AUTRES PROJETS<\/a><\/li><\/ul><\/div>[\/vc_column_text]<\/div><\/div><\/div><\/div><div id=\"tdi_5\" class=\"tdc-row\"><div id=\"livres\" class=\"vc_row tdi_6  wpb_row td-pb-row\" >\n<style scoped>\n\n\/* custom css *\/\n.tdi_6,\r\n                .tdi_6 .tdc-columns{\r\n                    min-height: 0;\r\n                }.tdi_6,\r\n\t\t\t\t.tdi_6 .tdc-columns{\r\n\t\t\t\t    display: block;\r\n\t\t\t\t}.tdi_6 .tdc-columns{\r\n\t\t\t\t    width: 100%;\r\n\t\t\t\t}\n<\/style><div class=\"vc_column tdi_8  wpb_column vc_column_container tdc-column td-pb-span12\">\n<style scoped>\n\n\/* custom css *\/\n.tdi_8{\r\n                    vertical-align: baseline;\r\n                }.tdi_8 > .wpb_wrapper,\r\n\t\t\t\t.tdi_8 > .wpb_wrapper > .tdc-elements{\r\n\t\t\t\t    display: block;\r\n\t\t\t\t}.tdi_8 > .wpb_wrapper > .tdc-elements{\r\n\t\t\t\t    width: 100%;\r\n\t\t\t\t}.tdi_8 > .wpb_wrapper > .vc_row_inner{\r\n\t\t\t\t    width: auto;\r\n\t\t\t\t}.tdi_8 > .wpb_wrapper{\r\n\t\t\t\t    width: auto;\r\n\t\t\t\t    height: auto;\r\n\t\t\t\t}\n<\/style><div class=\"wpb_wrapper\"><div class=\"vc_row_inner tdi_10  vc_row vc_inner wpb_row td-pb-row\" >\n<style scoped>\n\n\/* custom css *\/\n.tdi_10{\r\n                    position: relative !important;\r\n                    top: 0;\r\n                    transform: none;\r\n                    -webkit-transform: none;\r\n                }.tdi_10,\r\n\t\t\t\t.tdi_10 .tdc-inner-columns{\r\n\t\t\t\t    display: block;\r\n\t\t\t\t}.tdi_10 .tdc-inner-columns{\r\n\t\t\t\t    width: 100%;\r\n\t\t\t\t}\n<\/style><div class=\"vc_column_inner tdi_12  wpb_column vc_column_container tdc-inner-column td-pb-span12\">\n<style scoped>\n\n\/* custom css *\/\n.tdi_12{\r\n                    vertical-align: baseline;\r\n                }.tdi_12 .vc_column-inner > .wpb_wrapper,\r\n\t\t\t\t.tdi_12 .vc_column-inner > .wpb_wrapper .tdc-elements{\r\n\t\t\t\t    display: block;\r\n\t\t\t\t}.tdi_12 .vc_column-inner > .wpb_wrapper .tdc-elements{\r\n\t\t\t\t    width: 100%;\r\n\t\t\t\t}\n<\/style><div class=\"vc_column-inner\"><div class=\"wpb_wrapper\">[ucaddon_side_border_title text=\u00a0\u00bbROSE AUTEURE\u00a0\u00bb bg_clr=\u00a0\u00bb#e13689&Prime; uc_fonts_data=\u00a0\u00bbJTdCJTdE\u00a0\u00bb]<div class=\"wpb_wrapper td_block_empty_space td_block_wrap vc_empty_space tdi_14 \"  style=\"height: 32px\"><\/div><\/div><\/div><\/div><\/div><div class=\"vc_row_inner tdi_16  vc_row vc_inner wpb_row td-pb-row\" >\n<style scoped>\n\n\/* custom css *\/\n.tdi_16{\r\n                    position: relative !important;\r\n                    top: 0;\r\n                    transform: none;\r\n                    -webkit-transform: none;\r\n                }.tdi_16,\r\n\t\t\t\t.tdi_16 .tdc-inner-columns{\r\n\t\t\t\t    display: block;\r\n\t\t\t\t}.tdi_16 .tdc-inner-columns{\r\n\t\t\t\t    width: 100%;\r\n\t\t\t\t}\n<\/style><div class=\"vc_column_inner tdi_18  wpb_column vc_column_container tdc-inner-column td-pb-span12\">\n<style scoped>\n\n\/* custom css *\/\n.tdi_18{\r\n                    vertical-align: baseline;\r\n                }.tdi_18 .vc_column-inner > .wpb_wrapper,\r\n\t\t\t\t.tdi_18 .vc_column-inner > .wpb_wrapper .tdc-elements{\r\n\t\t\t\t    display: block;\r\n\t\t\t\t}.tdi_18 .vc_column-inner > .wpb_wrapper .tdc-elements{\r\n\t\t\t\t    width: 100%;\r\n\t\t\t\t}\n<\/style><div class=\"vc_column-inner\"><div class=\"wpb_wrapper\"><div class=\"cq-sidebysidev2 \" style=\"width:;margin:0 auto;\" data-autodelay=\"0\"><div class=\"cq-sidebysidev2-container\" style=\"min-height:1215px\"><div class=\"cq-sidebysidev2-side\" style=\"background:url(http:\/\/www.ciaobella.fr\/site\/wp-content\/uploads\/2019\/09\/Kerosene_livre-480x703.jpg) center center no-repeat;\"><div class=\"cq-sidebysidev2-sidebg\" style=\"background:rgba(0,0,0,0.01)\"><\/div><\/div><div class=\"cq-sidebysidev2-side\" style=\"background:url() center center no-repeat;\"><div class=\"cq-sidebysidev2-sidebg\" style=\"background:rgba(222,252,4,0.5)\"><blockquote>\n<p style=\"text-align: justify;\"><span style=\"color: #000000;\"><em>J\u2019aurais pu me borner \u00e0 vivre heureuse et imiter le bonheur de mes parents. \u00c7&rsquo;aurait \u00e9t\u00e9 simple. Tr\u00e8s simple. Il suffisait de se suffire.<\/em><\/span><br \/>\n<span style=\"color: #000000;\"><em>Mais, \u00e9ternelle insatisfaite, je n\u2019ai pas voulu d\u2019une vie simple. Ou d\u2019une simple vie. Non il fallait que \u00e7a cogne, que \u00e7a br\u00fble.<\/em><\/span><br \/>\n<span style=\"color: #000000;\"><em>J\u2019ai eu besoin de strass, de paillettes. De trash, de failles, de f\u00eates. J\u2019ai toujours pens\u00e9 que si l\u2019on ne brille pas, on s\u2019\u00e9teint\u2026<\/em><\/span><br \/>\n<span style=\"color: #000000;\"><em>Je ne veux plus briller, mais exister. Et exister, c\u2019est tout l\u2019inverse. C\u2019est \u00eatre \u00e9clair\u00e9e de l\u2019int\u00e9rieur.<\/em><\/span><\/p>\n<p style=\"text-align: justify;\"><span style=\"color: #000000;\"><em>J&rsquo;ai livr\u00e9 un combat \u00e0 l&rsquo;aveugle, puisque mes d\u00e9mons n&rsquo;avaient pas de forme. Il a fallu les trouver, les nommer, accepter leur pr\u00e9sence.<\/em><\/span><br \/>\n<span style=\"color: #000000;\"><em>Et puis j&rsquo;ai fabriqu\u00e9 du ciel au milieu des t\u00e9n\u00e8bres. Et \u00e7a m&rsquo;a rendue fi\u00e8re. Alors j&rsquo;ai continu\u00e9. J&rsquo;ai eu envie d&rsquo;\u00e9crire. Et j&rsquo;ai eu envie de vivre.<\/em><\/span><\/p>\n<p style=\"text-align: justify;\"><span style=\"color: #000000;\"><em>Il va bien falloir expliquer pourquoi&#8230;<\/em><\/span><br \/>\n<span style=\"color: #000000;\"><em>Et c&rsquo;est justement \u00e7a, KEROSENE.<\/em><\/span><\/p>\n<\/blockquote>\n<p style=\"text-align: justify;\"><span style=\"color: #000000;\">ROSE pr\u00e9sente <span style=\"color: #e13689;\"><strong>KEROSENE<\/strong><\/span>, son premier ouvrage dans lequel elle prolonge les confidences de l&rsquo;album \u00e9ponyme sorti en septembre 2019. Un roman autobiographique et un disque faux jumeaux dans lequel 13 chapitres r\u00e9pondent en \u00e9cho aux 13 chansons.<\/span><br \/>\n<span style=\"color: #000000;\">Un r\u00e9cit \u00e9voquant \u00e0 la fois l&rsquo;ab\u00eeme dont a \u00e9chapp\u00e9 l&rsquo;auteur et quelques tabous au f\u00e9minin : l&rsquo;alcool, la drogue et le sexe.<\/span><\/p>\n<p style=\"text-align: justify;\"><span style=\"color: #000000;\">Ces derni\u00e8res ann\u00e9es, elle a v\u00e9cu \u00e0 l&rsquo;\u00e9cart de son m\u00e9tier d&rsquo;artiste jusqu&rsquo;\u00e0 le remettre en question, elle allait de plus en plus mal et nous l&rsquo;ignorions.<\/span><br \/>\n<span style=\"color: #000000;\">Dans KEROSENE, ROSE revient sur ces <em>Ann\u00e9es diaboliques<\/em>, celles qui la poussaient \u00e0 poursuivre ses d\u00e9ambulations jusqu&rsquo;au lever du soleil, apr\u00e8s une nuit de plus sous le signe du chaos.<\/span><br \/>\n<span style=\"color: #000000;\">Et puis est venu le moment o\u00f9 ROSE s&rsquo;est sentie plus qu&rsquo;\u00e9puis\u00e9e et mise en danger par son double fr\u00e9n\u00e9tique, mal\u00e9fique, qui l&rsquo;a pouss\u00e9e dehors toutes les nuits, \u00e0 fr\u00e9quenter l&rsquo;infr\u00e9quentable, boire un dernier verre, tracer des lignes blanches \u00e0 l&rsquo;infini, s&rsquo;abandonner dans des lits de hasard. Elle a alors trouv\u00e9 le courage de tout (re)commencer, elle a red\u00e9couvert la pulsion de vie salvatrice qui lui faisait d\u00e9faut, et s&rsquo;est \u00e9lanc\u00e9e \u00e0 grandes enjamb\u00e9es vers la r\u00e9conciliation.<\/span><\/p>\n<p style=\"text-align: justify;\"><span style=\"color: #000000;\">ROSE a ensuite eu besoin de mettre des mots sur ce parcours, ces obstacles, de les partager. Et pour une fois elle n&rsquo;a pas \u00e9crit que des chansons. C&rsquo;est dans un manuscrit qu&rsquo;elle a souhait\u00e9 en dire plus, raconter plus encore de son existence caboss\u00e9e que ce qu&rsquo;elle ose habituellement chanter. Au-del\u00e0 de sa musique, ROSE s&rsquo;\u00e9panche sans masque ni retenue, dans ce livre sinc\u00e8re, poignant, dr\u00f4le et \u00e9mouvant.<\/span><\/p>\n<p style=\"text-align: justify;\"><span style=\"color: #000000;\">Rose est de retour, et c&rsquo;est Keren qui la raconte.<\/span><br \/>\n<span style=\"color: #000000;\">Rose\/Keren : voici KEROSENE.<\/span><\/p>\n<\/div><\/div>\n<\/div><\/div><div class=\"wpb_wrapper td_block_empty_space td_block_wrap vc_empty_space tdi_20 \"  style=\"height: 60px\"><\/div><\/div><\/div><\/div><\/div><\/div><\/div><\/div><\/div><div id=\"tdi_21\" class=\"tdc-row\"><div id=\"chansons\" class=\"vc_row tdi_22  wpb_row td-pb-row\" >\n<style scoped>\n\n\/* custom css *\/\n.tdi_22,\r\n                .tdi_22 .tdc-columns{\r\n                    min-height: 0;\r\n                }.tdi_22,\r\n\t\t\t\t.tdi_22 .tdc-columns{\r\n\t\t\t\t    display: block;\r\n\t\t\t\t}.tdi_22 .tdc-columns{\r\n\t\t\t\t    width: 100%;\r\n\t\t\t\t}\n<\/style><div class=\"vc_column tdi_24 .my-uc_content wpb_column vc_column_container tdc-column td-pb-span12\">\n<style scoped>\n\n\/* custom css *\/\n.tdi_24{\r\n                    vertical-align: baseline;\r\n                }.tdi_24 > .wpb_wrapper,\r\n\t\t\t\t.tdi_24 > .wpb_wrapper > .tdc-elements{\r\n\t\t\t\t    display: block;\r\n\t\t\t\t}.tdi_24 > .wpb_wrapper > .tdc-elements{\r\n\t\t\t\t    width: 100%;\r\n\t\t\t\t}.tdi_24 > .wpb_wrapper > .vc_row_inner{\r\n\t\t\t\t    width: auto;\r\n\t\t\t\t}.tdi_24 > .wpb_wrapper{\r\n\t\t\t\t    width: auto;\r\n\t\t\t\t    height: auto;\r\n\t\t\t\t}\n<\/style><div class=\"wpb_wrapper\">[ucaddon_side_border_title text=\u00a0\u00bbROSE PAROLIERE\u00a0\u00bb bg_clr=\u00a0\u00bb#e13689&Prime; uc_fonts_data=\u00a0\u00bbJTdCJTdE\u00a0\u00bb]<div class=\"wpb_wrapper td_block_empty_space td_block_wrap vc_empty_space tdi_26 \"  style=\"height: 32px\"><\/div>[vc_wp_text]\r\n<p style=\"text-align: center;\"><span style=\"color: #e13689;\"><em>cliquez sur les images pour plus de d\u00e9tail<\/em><\/span><\/p>\r\n[\/vc_wp_text]<div class=\"cq-expandgrid cq-circular- cq-expandgrid-customized cq-expandgrid-avatar- cq-expandgrid-close-yes cq-expandgrid-in4  \" data-itemheight=\"270\" data-autoslide=\"no\" data-itemsize=\"customized\" data-transparentitem=\"yes\" data-openfirst=\"yes\" data-labelfontsize=\"\" data-nocircular=\"\" data-subfontsize=\"\" data-scrollto=\"\" data-scrolloffset=\"0\"><div class=\"cq-expandgrid-item cq-expandgrid-initstate cq-transparent\" data-image=\"http:\/\/www.ciaobella.fr\/site\/wp-content\/uploads\/2020\/09\/ThierryAmiel_Artefact-270x270.jpg\" data-bgstyle=\"cq-transparent\" data-backgroundcolor=\"\" data-backgroundhovercolor=\"\" data-avatartype=\"none\" data-avatar=\"\" data-contentcolor=\"\" data-iconcolor=\"\" data-iconsize=\"\" data-labelcolor=\"\" data-subtitlecolor=\"\" title=\"\"><div class=\"cq-expandgrid-face cq-expandgrid-toggle\" style=\"\"><div class=\"cq-expandgrid-facecontent\"><\/div><div class=\"cq-expandgrid-arrow\" style=\"\"><\/div><\/div><div class=\"cq-expandgrid-content\" style=\"\"><div class=\"cq-expandgrid-text\"><h3 style=\"text-align: left; padding-left: 40px;\"><strong>ARTEFACT (Thierry Amiel)<br \/>\n<\/strong><\/h3>\n<p style=\"text-align: left; padding-left: 40px;\"><em>Date de sortie : 27 septembre 2019 <\/em><\/p>\n<p>&nbsp;<\/p>\n<p style=\"text-align: left; padding-left: 40px;\"><em><strong>Collaboration :<\/strong><\/em><\/p>\n<p style=\"padding-left: 40px;\">\u2192 Auteur du texte \u00ab\u00a0La nuit tombe\u00a0\u00bb.<\/p>\n<div style=\"padding-left: 80px;\"><\/div>\n<p style=\"padding-left: 40px; text-align: left;\"><a href=\"https:\/\/smarturl.it\/LaNuitTombe\" class=\"su-button su-button-style-soft\" style=\"color:#defc04;background-color:#e13689;border-color:#b42c6e;border-radius:0px;-moz-border-radius:0px;-webkit-border-radius:0px\" target=\"_blank\" rel=\"noopener noreferrer\"><span style=\"color:#defc04;padding:0px 18px;font-size:14px;line-height:28px;border-color:#ea73ad;border-radius:0px;-moz-border-radius:0px;-webkit-border-radius:0px;text-shadow:none;-moz-text-shadow:none;-webkit-text-shadow:none\"> \u00c9couter la chanson<\/span><\/a>\u00a0\u00a0\u00a0\u00a0 <a href=\"http:\/\/www.ciaobella.fr\/site\/2019\/09\/27\/la-nuit-tombe-pour-thierry-amiel\/\" class=\"su-button su-button-style-soft\" style=\"color:#defc04;background-color:#e13689;border-color:#b42c6e;border-radius:0px;-moz-border-radius:0px;-webkit-border-radius:0px\" target=\"_blank\" rel=\"noopener noreferrer\"><span style=\"color:#defc04;padding:0px 18px;font-size:14px;line-height:28px;border-color:#ea73ad;border-radius:0px;-moz-border-radius:0px;-webkit-border-radius:0px;text-shadow:none;-moz-text-shadow:none;-webkit-text-shadow:none\"> Plus d&rsquo;infos<\/span><\/a><\/p>\n<\/div><i class=\"fa fa-close cq-expandgrid-close\"><\/i><\/div><\/div><div class=\"cq-expandgrid-item cq-expandgrid-initstate cq-transparent\" data-image=\"http:\/\/www.ciaobella.fr\/site\/wp-content\/uploads\/2019\/09\/AmelBent_Demain-270x270.jpg\" data-bgstyle=\"cq-transparent\" data-backgroundcolor=\"\" data-backgroundhovercolor=\"\" data-avatartype=\"none\" data-avatar=\"\" data-contentcolor=\"\" data-iconcolor=\"\" data-iconsize=\"\" data-labelcolor=\"\" data-subtitlecolor=\"\" title=\"\"><div class=\"cq-expandgrid-face cq-expandgrid-toggle\" style=\"\"><div class=\"cq-expandgrid-facecontent\"><\/div><div class=\"cq-expandgrid-arrow\" style=\"\"><\/div><\/div><div class=\"cq-expandgrid-content\" style=\"\"><div class=\"cq-expandgrid-text\"><h3 style=\"text-align: left; padding-left: 40px;\"><strong>DEMAIN (Amel Bent)<br \/>\n<\/strong><\/h3>\n<p style=\"text-align: left; padding-left: 40px;\"><em>Date de sortie : 17 mai 2019 <\/em><\/p>\n<p>&nbsp;<\/p>\n<p style=\"text-align: left; padding-left: 40px;\"><em><strong>Collaboration :<\/strong><\/em><\/p>\n<p style=\"padding-left: 80px;\">\u2192 Auteur du texte \u00ab\u00a0T&rsquo;aimer de trop\u00a0\u00bb<\/p>\n<p style=\"padding-left: 40px;\"><a href=\"http:\/\/smarturl.it\/TAimerDeTrop?fbclid=IwAR36y28yTAI_luSmPlmpNFEfAYM4Je39VC3MntKtgYEbkXm-69jFJ_R2UhQ\" class=\"su-button su-button-style-soft\" style=\"color:#defc04;background-color:#e13689;border-color:#b42c6e;border-radius:0px;-moz-border-radius:0px;-webkit-border-radius:0px\" target=\"_blank\" rel=\"noopener noreferrer\"><span style=\"color:#defc04;padding:0px 18px;font-size:14px;line-height:28px;border-color:#ea73ad;border-radius:0px;-moz-border-radius:0px;-webkit-border-radius:0px;text-shadow:none;-moz-text-shadow:none;-webkit-text-shadow:none\"> \u00c9couter la chanson<\/span><\/a>\u00a0\u00a0\u00a0 <a href=\"http:\/\/www.ciaobella.fr\/site\/2019\/05\/17\/taimer-de-trop-pour-amel-bent\/\" class=\"su-button su-button-style-soft\" style=\"color:#defc04;background-color:#e13689;border-color:#b42c6e;border-radius:0px;-moz-border-radius:0px;-webkit-border-radius:0px\" target=\"_blank\" rel=\"noopener noreferrer\"><span style=\"color:#defc04;padding:0px 18px;font-size:14px;line-height:28px;border-color:#ea73ad;border-radius:0px;-moz-border-radius:0px;-webkit-border-radius:0px;text-shadow:none;-moz-text-shadow:none;-webkit-text-shadow:none\"> Plus d&rsquo;infos<\/span><\/a><\/p>\n<\/div><i class=\"fa fa-close cq-expandgrid-close\"><\/i><\/div><\/div><div class=\"cq-expandgrid-item cq-expandgrid-initstate cq-transparent\" data-image=\"http:\/\/www.ciaobella.fr\/site\/wp-content\/uploads\/2019\/09\/LoaneAlone-270x270.jpg\" data-bgstyle=\"cq-transparent\" data-backgroundcolor=\"\" data-backgroundhovercolor=\"\" data-avatartype=\"none\" data-avatar=\"\" data-contentcolor=\"\" data-iconcolor=\"\" data-iconsize=\"\" data-labelcolor=\"\" data-subtitlecolor=\"\" title=\"\"><div class=\"cq-expandgrid-face cq-expandgrid-toggle\" style=\"\"><div class=\"cq-expandgrid-facecontent\"><\/div><div class=\"cq-expandgrid-arrow\" style=\"\"><\/div><\/div><div class=\"cq-expandgrid-content\" style=\"\"><div class=\"cq-expandgrid-text\"><h3 style=\"text-align: left; padding-left: 40px;\"><strong>ALONE (Loane)<br \/>\n<\/strong><\/h3>\n<p style=\"text-align: left; padding-left: 40px;\"><em>Date de sortie : 15 f\u00e9vrier 2019 <\/em><\/p>\n<p>&nbsp;<\/p>\n<p style=\"text-align: left; padding-left: 40px;\"><em><strong>Collaboration :<\/strong><\/em><\/p>\n<p style=\"padding-left: 40px;\">\u2192 Co-auteur du texte \u00ab\u00a0Partout\u00a0\u00bb.<\/p>\n<div>\n<p>&nbsp;<\/p>\n<\/div>\n<p style=\"padding-left: 40px; text-align: left;\"><a href=\"https:\/\/smarturl.it\/LoanePartout\" class=\"su-button su-button-style-soft\" style=\"color:#defc04;background-color:#e13689;border-color:#b42c6e;border-radius:0px;-moz-border-radius:0px;-webkit-border-radius:0px\" target=\"_blank\" rel=\"noopener noreferrer\"><span style=\"color:#defc04;padding:0px 18px;font-size:14px;line-height:28px;border-color:#ea73ad;border-radius:0px;-moz-border-radius:0px;-webkit-border-radius:0px;text-shadow:none;-moz-text-shadow:none;-webkit-text-shadow:none\"> \u00c9couter la chanson<\/span><\/a>\u00a0\u00a0 <a href=\"http:\/\/www.ciaobella.fr\/site\/2019\/02\/15\/partout-pour-loane\/\" class=\"su-button su-button-style-soft\" style=\"color:#defc04;background-color:#e13689;border-color:#b42c6e;border-radius:0px;-moz-border-radius:0px;-webkit-border-radius:0px\" target=\"_blank\" rel=\"noopener noreferrer\"><span style=\"color:#defc04;padding:0px 18px;font-size:14px;line-height:28px;border-color:#ea73ad;border-radius:0px;-moz-border-radius:0px;-webkit-border-radius:0px;text-shadow:none;-moz-text-shadow:none;-webkit-text-shadow:none\"> Plus d&rsquo;infos<\/span><\/a><\/p>\n<\/div><i class=\"fa fa-close cq-expandgrid-close\"><\/i><\/div><\/div><div class=\"cq-expandgrid-item cq-expandgrid-initstate cq-transparent\" data-image=\"http:\/\/www.ciaobella.fr\/site\/wp-content\/uploads\/2019\/09\/Hollydays_HollywoodBizarre-270x270.jpg\" data-bgstyle=\"cq-transparent\" data-backgroundcolor=\"\" data-backgroundhovercolor=\"\" data-avatartype=\"none\" data-avatar=\"\" data-contentcolor=\"\" data-iconcolor=\"\" data-iconsize=\"\" data-labelcolor=\"\" data-subtitlecolor=\"\" title=\"\"><div class=\"cq-expandgrid-face cq-expandgrid-toggle\" style=\"\"><div class=\"cq-expandgrid-facecontent\"><\/div><div class=\"cq-expandgrid-arrow\" style=\"\"><\/div><\/div><div class=\"cq-expandgrid-content\" style=\"\"><div class=\"cq-expandgrid-text\"><h3 style=\"text-align: left; padding-left: 40px;\"><strong>HOLLYWOOD BIZARRE (Hollydays)<\/strong><\/h3>\n<h3 style=\"text-align: left; padding-left: 40px;\"><strong>\u00a0<\/strong><\/h3>\n<p style=\"text-align: left; padding-left: 40px;\"><em>Date de sortie : 2 novembre 2018 <\/em><\/p>\n<p>&nbsp;<\/p>\n<p style=\"text-align: left; padding-left: 40px;\"><em><strong>Collaboration :<\/strong><\/em><\/p>\n<p style=\"padding-left: 80px;\">\u2192 Auteur des textes \u00ab On a d\u00e9j\u00e0 \u00bb et \u00ab Sensible \u00bb.<\/p>\n<p style=\"padding-left: 40px;\"><a href=\"http:\/\/smarturl.it\/HollydaysSensible?fbclid=IwAR1MStaYxY-MshD1G3W_bdMUYth5Y_ylW-vYKOUW5uYD-Ww3MHGWAiJIojQ\" class=\"su-button su-button-style-soft\" style=\"color:#defc04;background-color:#e13689;border-color:#b42c6e;border-radius:0px;-moz-border-radius:0px;-webkit-border-radius:0px\" target=\"_blank\" rel=\"noopener noreferrer\"><span style=\"color:#defc04;padding:0px 18px;font-size:14px;line-height:28px;border-color:#ea73ad;border-radius:0px;-moz-border-radius:0px;-webkit-border-radius:0px;text-shadow:none;-moz-text-shadow:none;-webkit-text-shadow:none\"> \u00c9couter la chanson<\/span><\/a>\u00a0\u00a0\u00a0 <a href=\"http:\/\/www.ciaobella.fr\/site\/2018\/11\/02\/sensible-pour-hollydays\/\" class=\"su-button su-button-style-soft\" style=\"color:#defc04;background-color:#e13689;border-color:#b42c6e;border-radius:0px;-moz-border-radius:0px;-webkit-border-radius:0px\" target=\"_blank\" rel=\"noopener noreferrer\"><span style=\"color:#defc04;padding:0px 18px;font-size:14px;line-height:28px;border-color:#ea73ad;border-radius:0px;-moz-border-radius:0px;-webkit-border-radius:0px;text-shadow:none;-moz-text-shadow:none;-webkit-text-shadow:none\"> Plus d&rsquo;infos<\/span><\/a><\/p>\n<\/div><i class=\"fa fa-close cq-expandgrid-close\"><\/i><\/div><\/div><\/div><div class=\"wpb_wrapper td_block_empty_space td_block_wrap vc_empty_space tdi_28 \"  style=\"height: 32px\"><\/div><div class=\"cq-expandgrid cq-circular- cq-expandgrid-customized cq-expandgrid-avatar- cq-expandgrid-close-yes cq-expandgrid-in4  \" data-itemheight=\"270\" data-autoslide=\"no\" data-itemsize=\"customized\" data-transparentitem=\"yes\" data-openfirst=\"yes\" data-labelfontsize=\"\" data-nocircular=\"\" data-subfontsize=\"\" data-scrollto=\"\" data-scrolloffset=\"0\"><div class=\"cq-expandgrid-item cq-expandgrid-initstate cq-transparent\" data-image=\"http:\/\/www.ciaobella.fr\/site\/wp-content\/uploads\/2019\/09\/Alexe_LeSouffleCourt-270x270.jpg\" data-bgstyle=\"cq-transparent\" data-backgroundcolor=\"\" data-backgroundhovercolor=\"\" data-avatartype=\"none\" data-avatar=\"\" data-contentcolor=\"\" data-iconcolor=\"\" data-iconsize=\"\" data-labelcolor=\"\" data-subtitlecolor=\"\" title=\"\"><div class=\"cq-expandgrid-face cq-expandgrid-toggle\" style=\"\"><div class=\"cq-expandgrid-facecontent\"><\/div><div class=\"cq-expandgrid-arrow\" style=\"\"><\/div><\/div><div class=\"cq-expandgrid-content\" style=\"\"><div class=\"cq-expandgrid-text\"><h3 style=\"text-align: left; padding-left: 40px;\"><strong>LE SOUFFLE COURT (Alexe) &#8211; Single<br \/>\n<\/strong><\/h3>\n<p style=\"text-align: left; padding-left: 40px;\"><em>Date de sortie : 11 juin 2018 <\/em><\/p>\n<p>&nbsp;<\/p>\n<p style=\"text-align: left; padding-left: 40px;\"><em><strong>Collaboration :<\/strong><\/em><\/p>\n<p style=\"padding-left: 40px;\">\u2192 Auteur du texte \u00ab\u00a0Le souffle court\u00a0\u00bb<\/p>\n<p>&nbsp;<\/p>\n<p style=\"padding-left: 40px;\"><a href=\"https:\/\/musicor.lnk.to\/AlexeSouffleCourt\" class=\"su-button su-button-style-soft\" style=\"color:#defc04;background-color:#e13689;border-color:#b42c6e;border-radius:0px;-moz-border-radius:0px;-webkit-border-radius:0px\" target=\"_blank\" rel=\"noopener noreferrer\"><span style=\"color:#defc04;padding:0px 18px;font-size:14px;line-height:28px;border-color:#ea73ad;border-radius:0px;-moz-border-radius:0px;-webkit-border-radius:0px;text-shadow:none;-moz-text-shadow:none;-webkit-text-shadow:none\"> \u00c9couter la chanson (Canada seulement)<\/span><\/a>\u00a0\u00a0\u00a0 <a href=\"http:\/\/www.ciaobella.fr\/site\/2018\/06\/11\/le-souffle-court-pour-alexe\/\" class=\"su-button su-button-style-soft\" style=\"color:#defc04;background-color:#e13689;border-color:#b42c6e;border-radius:0px;-moz-border-radius:0px;-webkit-border-radius:0px\" target=\"_blank\" rel=\"noopener noreferrer\"><span style=\"color:#defc04;padding:0px 18px;font-size:14px;line-height:28px;border-color:#ea73ad;border-radius:0px;-moz-border-radius:0px;-webkit-border-radius:0px;text-shadow:none;-moz-text-shadow:none;-webkit-text-shadow:none\"> Plus d&rsquo;infos<\/span><\/a><\/p>\n<\/div><i class=\"fa fa-close cq-expandgrid-close\"><\/i><\/div><\/div><div class=\"cq-expandgrid-item cq-expandgrid-initstate cq-transparent\" data-image=\"http:\/\/www.ciaobella.fr\/site\/wp-content\/uploads\/2019\/09\/TinaArena_ToutRecommence-270x270.jpg\" data-bgstyle=\"cq-transparent\" data-backgroundcolor=\"\" data-backgroundhovercolor=\"\" data-avatartype=\"none\" data-avatar=\"\" data-contentcolor=\"\" data-iconcolor=\"\" data-iconsize=\"\" data-labelcolor=\"\" data-subtitlecolor=\"\" title=\"\"><div class=\"cq-expandgrid-face cq-expandgrid-toggle\" style=\"\"><div class=\"cq-expandgrid-facecontent\"><\/div><div class=\"cq-expandgrid-arrow\" style=\"\"><\/div><\/div><div class=\"cq-expandgrid-content\" style=\"\"><div class=\"cq-expandgrid-text\"><h3 style=\"text-align: left; padding-left: 40px;\"><strong>QUAND TOUT RECOMMENCE (Tina Arena)<br \/>\n<\/strong><\/h3>\n<p style=\"text-align: left; padding-left: 40px;\"><em>Date de sortie : 6 avril 2018 <\/em><\/p>\n<p>&nbsp;<\/p>\n<p style=\"text-align: left; padding-left: 40px;\"><em><strong>Collaboration :<\/strong><\/em><\/p>\n<p style=\"padding-left: 40px;\">\u2192 Auteur du texte \u00ab\u00a0L&rsquo;ombre de ma voix\u00a0\u00bb.<\/p>\n<div>\n<p>&nbsp;<\/p>\n<div class=\"su-row\"><div class=\"su-column su-column-size-1-2\"><div class=\"su-column-inner su-u-clearfix su-u-trim\"><\/p>\n<\/div>\n<div><\/div>\n<div><\/div>\n<div style=\"padding-left: 40px;\"><strong>Chanson choisie comme premier single de l&rsquo;album<\/strong><\/div>\n<div><\/div>\n<div><\/div>\n<div style=\"padding-left: 40px;\"><em>Date de sortie du single : 16 f\u00e9vrier 2018<\/em><\/div>\n<div><\/div>\n<div><\/div>\n<div style=\"padding-left: 40px;\"><a href=\"https:\/\/playtwo.lnk.to\/LOmbreDeMaVoix\" class=\"su-button su-button-style-soft\" style=\"color:#defc04;background-color:#e13689;border-color:#b42c6e;border-radius:0px;-moz-border-radius:0px;-webkit-border-radius:0px\" target=\"_blank\" rel=\"noopener noreferrer\"><span style=\"color:#defc04;padding:0px 18px;font-size:14px;line-height:28px;border-color:#ea73ad;border-radius:0px;-moz-border-radius:0px;-webkit-border-radius:0px;text-shadow:none;-moz-text-shadow:none;-webkit-text-shadow:none\"> \u00c9couter la chanson<\/span><\/a>\u00a0\u00a0 <a href=\"http:\/\/www.ciaobella.fr\/site\/2018\/02\/16\/lombre-de-ma-voix-pour-tina-arena\/\" class=\"su-button su-button-style-soft\" style=\"color:#defc04;background-color:#e13689;border-color:#b42c6e;border-radius:0px;-moz-border-radius:0px;-webkit-border-radius:0px\" target=\"_blank\" rel=\"noopener noreferrer\"><span style=\"color:#defc04;padding:0px 18px;font-size:14px;line-height:28px;border-color:#ea73ad;border-radius:0px;-moz-border-radius:0px;-webkit-border-radius:0px;text-shadow:none;-moz-text-shadow:none;-webkit-text-shadow:none\"> Plus d&rsquo;infos<\/span><\/a><\/div>\n<div><\/div>\n<div>\n<p><\/div><\/div>\n<div class=\"su-column su-column-size-1-2\"><div class=\"su-column-inner su-u-clearfix su-u-trim\"><\/p>\n<\/div>\n<div style=\"padding-left: 80px;\"><\/div>\n<div>\n<p><img loading=\"lazy\" class=\"size-medium wp-image-12544 aligncenter\" src=\"http:\/\/www.ciaobella.fr\/site\/wp-content\/uploads\/2019\/09\/TinaArena_OmbreDeMaVoix-300x300.jpg\" alt=\"\" width=\"300\" height=\"300\" srcset=\"http:\/\/www.ciaobella.fr\/site\/wp-content\/uploads\/2019\/09\/TinaArena_OmbreDeMaVoix-300x300.jpg 300w, http:\/\/www.ciaobella.fr\/site\/wp-content\/uploads\/2019\/09\/TinaArena_OmbreDeMaVoix-150x150.jpg 150w, http:\/\/www.ciaobella.fr\/site\/wp-content\/uploads\/2019\/09\/TinaArena_OmbreDeMaVoix-768x768.jpg 768w, http:\/\/www.ciaobella.fr\/site\/wp-content\/uploads\/2019\/09\/TinaArena_OmbreDeMaVoix-600x600.jpg 600w, http:\/\/www.ciaobella.fr\/site\/wp-content\/uploads\/2019\/09\/TinaArena_OmbreDeMaVoix-696x696.jpg 696w, http:\/\/www.ciaobella.fr\/site\/wp-content\/uploads\/2019\/09\/TinaArena_OmbreDeMaVoix-420x420.jpg 420w, http:\/\/www.ciaobella.fr\/site\/wp-content\/uploads\/2019\/09\/TinaArena_OmbreDeMaVoix.jpg 800w\" sizes=\"(max-width: 300px) 100vw, 300px\" \/><\/div><\/div><\/div>\n<\/div>\n<p>&nbsp;<\/p>\n<div class=\"su-youtube su-u-responsive-media-yes\"><iframe width=\"380\" height=\"400\" src=\"https:\/\/www.youtube.com\/embed\/Mzu-CshTbek?\" frameborder=\"0\" allowfullscreen allow=\"autoplay; encrypted-media; picture-in-picture\" title=\"\"><\/iframe><\/div>\n<p>&nbsp;<\/p>\n<p>&nbsp;<\/p>\n<\/div><i class=\"fa fa-close cq-expandgrid-close\"><\/i><\/div><\/div><div class=\"cq-expandgrid-item cq-expandgrid-initstate cq-transparent\" data-image=\"http:\/\/www.ciaobella.fr\/site\/wp-content\/uploads\/2019\/09\/Hollydays_LodeurDEsJoints_EP-270x270.jpg\" data-bgstyle=\"cq-transparent\" data-backgroundcolor=\"\" data-backgroundhovercolor=\"\" data-avatartype=\"none\" data-avatar=\"\" data-contentcolor=\"\" data-iconcolor=\"\" data-iconsize=\"\" data-labelcolor=\"\" data-subtitlecolor=\"\" title=\"\"><div class=\"cq-expandgrid-face cq-expandgrid-toggle\" style=\"\"><div class=\"cq-expandgrid-facecontent\"><\/div><div class=\"cq-expandgrid-arrow\" style=\"\"><\/div><\/div><div class=\"cq-expandgrid-content\" style=\"\"><div class=\"cq-expandgrid-text\"><h3 style=\"text-align: left; padding-left: 40px;\"><strong>L&rsquo;ODEUR DES JOINTS (Hollydays) &#8211; EP<br \/>\n<\/strong><\/h3>\n<p style=\"text-align: left; padding-left: 40px;\"><em>Date de sortie : 12 janvier 2018 <\/em><\/p>\n<p>&nbsp;<\/p>\n<p style=\"text-align: left; padding-left: 40px;\"><em><strong>Collaboration :<\/strong><\/em><\/p>\n<p style=\"padding-left: 40px;\">\u2192 Auteur du texte \u00ab\u00a0On a d\u00e9j\u00e0\u00a0\u00bb.<\/p>\n<p style=\"padding-left: 40px;\"><strong>Chanson choisie comme second extrait de l&rsquo;EP.<\/strong><\/p>\n<div>\n<p>&nbsp;<\/p>\n<\/div>\n<p style=\"padding-left: 40px; text-align: left;\"><a href=\"https:\/\/smarturl.it\/HollydaysOnaDeja\" class=\"su-button su-button-style-soft\" style=\"color:#defc04;background-color:#e13689;border-color:#b42c6e;border-radius:0px;-moz-border-radius:0px;-webkit-border-radius:0px\" target=\"_blank\" rel=\"noopener noreferrer\"><span style=\"color:#defc04;padding:0px 18px;font-size:14px;line-height:28px;border-color:#ea73ad;border-radius:0px;-moz-border-radius:0px;-webkit-border-radius:0px;text-shadow:none;-moz-text-shadow:none;-webkit-text-shadow:none\"> \u00c9couter la chanson<\/span><\/a>\u00a0\u00a0\u00a0 <a href=\"http:\/\/www.ciaobella.fr\/site\/2018\/01\/12\/on-a-deja-pour-hollydays\/\" class=\"su-button su-button-style-soft\" style=\"color:#defc04;background-color:#e13689;border-color:#b42c6e;border-radius:0px;-moz-border-radius:0px;-webkit-border-radius:0px\" target=\"_blank\" rel=\"noopener noreferrer\"><span style=\"color:#defc04;padding:0px 18px;font-size:14px;line-height:28px;border-color:#ea73ad;border-radius:0px;-moz-border-radius:0px;-webkit-border-radius:0px;text-shadow:none;-moz-text-shadow:none;-webkit-text-shadow:none\"> Plus d&rsquo;infos<\/span><\/a><br \/>\n<div class=\"su-youtube su-u-responsive-media-yes\"><iframe width=\"380\" height=\"400\" src=\"https:\/\/www.youtube.com\/embed\/hyAUKTR9Cbs?\" frameborder=\"0\" allowfullscreen allow=\"autoplay; encrypted-media; picture-in-picture\" title=\"\"><\/iframe><\/div>\n<\/div><i class=\"fa fa-close cq-expandgrid-close\"><\/i><\/div><\/div><div class=\"cq-expandgrid-item cq-expandgrid-initstate cq-transparent\" data-image=\"http:\/\/www.ciaobella.fr\/site\/wp-content\/uploads\/2019\/09\/PatriciaKaas-270x270.jpg\" data-bgstyle=\"cq-transparent\" data-backgroundcolor=\"\" data-backgroundhovercolor=\"\" data-avatartype=\"none\" data-avatar=\"\" data-contentcolor=\"\" data-iconcolor=\"\" data-iconsize=\"\" data-labelcolor=\"\" data-subtitlecolor=\"\" title=\"\"><div class=\"cq-expandgrid-face cq-expandgrid-toggle\" style=\"\"><div class=\"cq-expandgrid-facecontent\"><\/div><div class=\"cq-expandgrid-arrow\" style=\"\"><\/div><\/div><div class=\"cq-expandgrid-content\" style=\"\"><div class=\"cq-expandgrid-text\"><h3 style=\"text-align: left; padding-left: 40px;\"><strong>PATRICIA KAAS (Patricia Kaas)<br \/>\n<\/strong><\/h3>\n<p style=\"text-align: left; padding-left: 40px;\"><em>Date de sortie : 11 novembre 2016 <\/em><\/p>\n<p>&nbsp;<\/p>\n<p style=\"text-align: left; padding-left: 40px;\"><em><strong>Collaboration :<\/strong><\/em><\/p>\n<p style=\"padding-left: 40px;\">\u2192 Auteur du texte \u00ab\u00a0Cogne\u00a0\u00bb.<\/p>\n<div><\/div>\n<div style=\"padding-left: 80px;\"><\/div>\n<p style=\"padding-left: 40px; text-align: left;\"><a href=\"http:\/\/smarturl.it\/PatriciaKaasCogne\" class=\"su-button su-button-style-soft\" style=\"color:#defc04;background-color:#e13689;border-color:#b42c6e;border-radius:0px;-moz-border-radius:0px;-webkit-border-radius:0px\" target=\"_blank\" rel=\"noopener noreferrer\"><span style=\"color:#defc04;padding:0px 18px;font-size:14px;line-height:28px;border-color:#ea73ad;border-radius:0px;-moz-border-radius:0px;-webkit-border-radius:0px;text-shadow:none;-moz-text-shadow:none;-webkit-text-shadow:none\"> \u00c9couter la chanson<\/span><\/a><br \/>\n&nbsp;<\/p>\n<p><iframe loading=\"lazy\" src=\"https:\/\/www.rose-leblog.fr\/2016\/11\/11\/cogne\/\" width=\"100%\" height=\"500\" frameborder=\"0\" sandbox=\"\" allowfullscreen=\"allowfullscreen\"> <a href=\"https:\/\/www.rose-leblog.fr\/2016\/11\/11\/cogne\/\"><br \/>\nLien de repli pour les navigateurs ne prenant pas en charge iframe  <\/a><span style=\"display: inline-block; width: 0px; overflow: hidden; line-height: 0;\" data-mce-type=\"bookmark\" class=\"mce_SELRES_start\">\ufeff<\/span>&nbsp;<\/p>\n<p><\/iframe><\/p>\n<\/div><i class=\"fa fa-close cq-expandgrid-close\"><\/i><\/div><\/div><\/div><div class=\"wpb_wrapper td_block_empty_space td_block_wrap vc_empty_space tdi_30 \"  style=\"height: 32px\"><\/div><div class=\"cq-expandgrid cq-circular- cq-expandgrid-customized cq-expandgrid-avatar- cq-expandgrid-close-yes cq-expandgrid-in4  \" data-itemheight=\"270\" data-autoslide=\"no\" data-itemsize=\"customized\" data-transparentitem=\"yes\" data-openfirst=\"yes\" data-labelfontsize=\"\" data-nocircular=\"\" data-subfontsize=\"\" data-scrollto=\"\" data-scrolloffset=\"0\"><div class=\"cq-expandgrid-item cq-expandgrid-initstate cq-transparent\" data-image=\"http:\/\/www.ciaobella.fr\/site\/wp-content\/uploads\/2014\/09\/Bertignac_cover-270x252.jpg\" data-bgstyle=\"cq-transparent\" data-backgroundcolor=\"\" data-backgroundhovercolor=\"\" data-avatartype=\"none\" data-avatar=\"\" data-contentcolor=\"\" data-iconcolor=\"\" data-iconsize=\"\" data-labelcolor=\"\" data-subtitlecolor=\"\" title=\"\"><div class=\"cq-expandgrid-face cq-expandgrid-toggle\" style=\"\"><div class=\"cq-expandgrid-facecontent\"><\/div><div class=\"cq-expandgrid-arrow\" style=\"\"><\/div><\/div><div class=\"cq-expandgrid-content\" style=\"\"><div class=\"cq-expandgrid-text\"><h3 style=\"text-align: left; padding-left: 40px;\"><strong>SUIS-MOI (Louis Bertignac)<br \/>\n<\/strong><\/h3>\n<p style=\"text-align: left; padding-left: 40px;\"><em>Date de sortie : 3 mars 2014 <\/em><\/p>\n<p>&nbsp;<\/p>\n<p style=\"text-align: left; padding-left: 40px;\"><em><strong>Collaboration :<\/strong><\/em><\/p>\n<p style=\"padding-left: 40px;\">\u2192 Auteur du texte \u00ab\u00a0T&rsquo;en fais pas\u00a0\u00bb.<\/p>\n<div><\/div>\n<div style=\"padding-left: 40px;\"><a href=\"https:\/\/smarturl.it\/BertignacTenFaisPas\" class=\"su-button su-button-style-soft\" style=\"color:#defc04;background-color:#e13689;border-color:#b42c6e;border-radius:0px;-moz-border-radius:0px;-webkit-border-radius:0px\" target=\"_blank\" rel=\"noopener noreferrer\"><span style=\"color:#defc04;padding:0px 18px;font-size:14px;line-height:28px;border-color:#ea73ad;border-radius:0px;-moz-border-radius:0px;-webkit-border-radius:0px;text-shadow:none;-moz-text-shadow:none;-webkit-text-shadow:none\"> \u00c9couter la chanson<\/span><\/a>\u00a0\u00a0\u00a0 <a href=\"http:\/\/www.ciaobella.fr\/site\/2014\/09\/16\/ten-fais-pas-sur-lalbum-de-louis-bertignac\/\" class=\"su-button su-button-style-soft\" style=\"color:#defc04;background-color:#e13689;border-color:#b42c6e;border-radius:0px;-moz-border-radius:0px;-webkit-border-radius:0px\" target=\"_blank\" rel=\"noopener noreferrer\"><span style=\"color:#defc04;padding:0px 18px;font-size:14px;line-height:28px;border-color:#ea73ad;border-radius:0px;-moz-border-radius:0px;-webkit-border-radius:0px;text-shadow:none;-moz-text-shadow:none;-webkit-text-shadow:none\"> Plus d&rsquo;infos<\/span><\/a><\/div>\n<\/div><i class=\"fa fa-close cq-expandgrid-close\"><\/i><\/div><\/div><div class=\"cq-expandgrid-item cq-expandgrid-initstate cq-transparent\" data-image=\"http:\/\/www.ciaobella.fr\/site\/wp-content\/uploads\/2011\/11\/AlHy-270x270.jpg\" data-bgstyle=\"cq-transparent\" data-backgroundcolor=\"\" data-backgroundhovercolor=\"\" data-avatartype=\"none\" data-avatar=\"\" data-contentcolor=\"\" data-iconcolor=\"\" data-iconsize=\"\" data-labelcolor=\"\" data-subtitlecolor=\"\" title=\"\"><div class=\"cq-expandgrid-face cq-expandgrid-toggle\" style=\"\"><div class=\"cq-expandgrid-facecontent\"><\/div><div class=\"cq-expandgrid-arrow\" style=\"\"><\/div><\/div><div class=\"cq-expandgrid-content\" style=\"\"><div class=\"cq-expandgrid-text\"><h3 style=\"text-align: left; padding-left: 40px;\"><strong>ALPHABETE (Al.Hy)<br \/>\n<\/strong><\/h3>\n<p style=\"text-align: left; padding-left: 40px;\"><em>Date de sortie : 3 mars 2014 <\/em><\/p>\n<p>&nbsp;<\/p>\n<p style=\"text-align: left; padding-left: 40px;\"><em><strong>Collaboration :<\/strong><\/em><\/p>\n<p style=\"padding-left: 40px;\">\u2192 Auteur du texte \u00ab\u00a0Tu veux me conna\u00eetre\u00a0\u00bb.<\/p>\n<div><\/div>\n<div><\/div>\n<div style=\"padding-left: 40px;\"><a href=\"https:\/\/smarturl.it\/TuVeuxMeConnaitre\" class=\"su-button su-button-style-soft\" style=\"color:#defc04;background-color:#e13689;border-color:#b42c6e;border-radius:0px;-moz-border-radius:0px;-webkit-border-radius:0px\" target=\"_blank\" rel=\"noopener noreferrer\"><span style=\"color:#defc04;padding:0px 18px;font-size:14px;line-height:28px;border-color:#ea73ad;border-radius:0px;-moz-border-radius:0px;-webkit-border-radius:0px;text-shadow:none;-moz-text-shadow:none;-webkit-text-shadow:none\"> \u00c9couter la chanson<\/span><\/a>\u00a0\u00a0 <a href=\"http:\/\/www.ciaobella.fr\/site\/2014\/03\/03\/tu-veux-me-connaitre-sur-lalbum-dal-hy\/\" class=\"su-button su-button-style-soft\" style=\"color:#defc04;background-color:#e13689;border-color:#b42c6e;border-radius:0px;-moz-border-radius:0px;-webkit-border-radius:0px\" target=\"_blank\" rel=\"noopener noreferrer\"><span style=\"color:#defc04;padding:0px 18px;font-size:14px;line-height:28px;border-color:#ea73ad;border-radius:0px;-moz-border-radius:0px;-webkit-border-radius:0px;text-shadow:none;-moz-text-shadow:none;-webkit-text-shadow:none\"> Plus d&rsquo;infos<\/span><\/a><\/div>\n<\/div><i class=\"fa fa-close cq-expandgrid-close\"><\/i><\/div><\/div><div class=\"cq-expandgrid-item cq-expandgrid-initstate cq-transparent\" data-image=\"http:\/\/www.ciaobella.fr\/site\/wp-content\/uploads\/2011\/11\/caroline-costa-jirai.jpg\" data-bgstyle=\"cq-transparent\" data-backgroundcolor=\"\" data-backgroundhovercolor=\"\" data-avatartype=\"none\" data-avatar=\"\" data-contentcolor=\"\" data-iconcolor=\"\" data-iconsize=\"\" data-labelcolor=\"\" data-subtitlecolor=\"\" title=\"\"><div class=\"cq-expandgrid-face cq-expandgrid-toggle\" style=\"\"><div class=\"cq-expandgrid-facecontent\"><\/div><div class=\"cq-expandgrid-arrow\" style=\"\"><\/div><\/div><div class=\"cq-expandgrid-content\" style=\"\"><div class=\"cq-expandgrid-text\"><h3 style=\"text-align: left; padding-left: 40px;\"><strong>J&rsquo;IRAI (Caroline Costa)<br \/>\n<\/strong><\/h3>\n<p style=\"text-align: left; padding-left: 40px;\"><em>Date de sortie : 5 mars 2012 <\/em><\/p>\n<p>&nbsp;<\/p>\n<p style=\"text-align: left; padding-left: 40px;\"><em><strong>Collaboration :<\/strong><\/em><\/p>\n<p style=\"padding-left: 40px;\">\u2192 Auteur du texte \u00ab\u00a0Together\u00a0\u00bb.<\/p>\n<p>&nbsp;<\/p>\n<p style=\"padding-left: 40px; text-align: left;\"><a href=\"https:\/\/smarturl.it\/CaroCostaTogether\" class=\"su-button su-button-style-soft\" style=\"color:#defc04;background-color:#e13689;border-color:#b42c6e;border-radius:0px;-moz-border-radius:0px;-webkit-border-radius:0px\" target=\"_blank\" rel=\"noopener noreferrer\"><span style=\"color:#defc04;padding:0px 18px;font-size:14px;line-height:28px;border-color:#ea73ad;border-radius:0px;-moz-border-radius:0px;-webkit-border-radius:0px;text-shadow:none;-moz-text-shadow:none;-webkit-text-shadow:none\"> \u00c9couter la chanson<\/span><\/a><\/p>\n<\/div><i class=\"fa fa-close cq-expandgrid-close\"><\/i><\/div><\/div><div class=\"cq-expandgrid-item cq-expandgrid-initstate cq-transparent\" data-image=\"http:\/\/www.ciaobella.fr\/site\/wp-content\/uploads\/2011\/11\/jenifer.jpg\" data-bgstyle=\"cq-transparent\" data-backgroundcolor=\"\" data-backgroundhovercolor=\"\" data-avatartype=\"none\" data-avatar=\"\" data-contentcolor=\"\" data-iconcolor=\"\" data-iconsize=\"\" data-labelcolor=\"\" data-subtitlecolor=\"\" title=\"\"><div class=\"cq-expandgrid-face cq-expandgrid-toggle\" style=\"\"><div class=\"cq-expandgrid-facecontent\"><\/div><div class=\"cq-expandgrid-arrow\" style=\"\"><\/div><\/div><div class=\"cq-expandgrid-content\" style=\"\"><div class=\"cq-expandgrid-text\"><h3 style=\"text-align: left; padding-left: 40px;\"><strong>APPELLE MOI JEN (Jenifer)<br \/>\n<\/strong><\/h3>\n<p style=\"text-align: left; padding-left: 40px;\"><em>Date de sortie : 22 novembre 2010 <\/em><\/p>\n<p>&nbsp;<\/p>\n<p style=\"text-align: left; padding-left: 40px;\"><em><strong>Collaboration :<\/strong><\/em><\/p>\n<p style=\"padding-left: 40px;\">\u2192 Auteur du texte \u00ab\u00a0Le dos tourn\u00e9\u00a0\u00bb.<\/p>\n<div><\/div>\n<div style=\"padding-left: 80px;\"><\/div>\n<p style=\"padding-left: 40px; text-align: left;\"><a href=\"https:\/\/smarturl.it\/JeniferLeDosTourne\" class=\"su-button su-button-style-soft\" style=\"color:#defc04;background-color:#e13689;border-color:#b42c6e;border-radius:0px;-moz-border-radius:0px;-webkit-border-radius:0px\" target=\"_blank\" rel=\"noopener noreferrer\"><span style=\"color:#defc04;padding:0px 18px;font-size:14px;line-height:28px;border-color:#ea73ad;border-radius:0px;-moz-border-radius:0px;-webkit-border-radius:0px;text-shadow:none;-moz-text-shadow:none;-webkit-text-shadow:none\"> \u00c9couter la chanson<\/span><\/a><\/p>\n<\/div><i class=\"fa fa-close cq-expandgrid-close\"><\/i><\/div><\/div><\/div><div class=\"cq-expandgrid cq-circular- cq-expandgrid-customized cq-expandgrid-avatar- cq-expandgrid-close-yes cq-expandgrid-in4  \" data-itemheight=\"270\" data-autoslide=\"no\" data-itemsize=\"customized\" data-transparentitem=\"yes\" data-openfirst=\"yes\" data-labelfontsize=\"\" data-nocircular=\"\" data-subfontsize=\"\" data-scrollto=\"\" data-scrolloffset=\"0\"><div class=\"cq-expandgrid-item cq-expandgrid-initstate cq-transparent\" data-image=\"http:\/\/www.ciaobella.fr\/site\/wp-content\/uploads\/2011\/11\/amandinebourgeois.jpg\" data-bgstyle=\"cq-transparent\" data-backgroundcolor=\"\" data-backgroundhovercolor=\"\" data-avatartype=\"none\" data-avatar=\"\" data-contentcolor=\"\" data-iconcolor=\"\" data-iconsize=\"\" data-labelcolor=\"\" data-subtitlecolor=\"\" title=\"\"><div class=\"cq-expandgrid-face cq-expandgrid-toggle\" style=\"\"><div class=\"cq-expandgrid-facecontent\"><\/div><div class=\"cq-expandgrid-arrow\" style=\"\"><\/div><\/div><div class=\"cq-expandgrid-content\" style=\"\"><div class=\"cq-expandgrid-text\"><h3 style=\"text-align: left; padding-left: 40px;\"><strong>20 m\u00b2 (Amandine Bourgeois)<br \/>\n<\/strong><\/h3>\n<p style=\"text-align: left; padding-left: 40px;\"><em>Date de sortie : 1er juin 2009 <\/em><\/p>\n<p>&nbsp;<\/p>\n<p style=\"text-align: left; padding-left: 40px;\"><em><strong>Collaboration :<\/strong><\/em><\/p>\n<p style=\"padding-left: 40px;\">\u2192 Compositeur du texte \u00ab\u00a0Du temps\u00a0\u00bb.<br \/>\n\u2192 Auteur du texte \u00ab\u00a0Du temps\u00a0\u00bb.<\/p>\n<div><\/div>\n<div>\n<div class=\"su-row\"><div class=\"su-column su-column-size-1-2\"><div class=\"su-column-inner su-u-clearfix su-u-trim\"><\/p>\n<\/div>\n<div><\/div>\n<div><\/div>\n<div style=\"padding-left: 40px;\"><strong>Chanson choisie comme second single de l&rsquo;album<\/strong><\/div>\n<div><\/div>\n<div><\/div>\n<div><\/div>\n<div><\/div>\n<div style=\"padding-left: 40px;\"><a href=\"https:\/\/smarturl.it\/DuTemps\" class=\"su-button su-button-style-soft\" style=\"color:#defc04;background-color:#e13689;border-color:#b42c6e;border-radius:0px;-moz-border-radius:0px;-webkit-border-radius:0px\" target=\"_blank\" rel=\"noopener noreferrer\"><span style=\"color:#defc04;padding:0px 18px;font-size:14px;line-height:28px;border-color:#ea73ad;border-radius:0px;-moz-border-radius:0px;-webkit-border-radius:0px;text-shadow:none;-moz-text-shadow:none;-webkit-text-shadow:none\"> \u00c9couter la chanson<\/span><\/a><\/div>\n<div><\/div>\n<div>\n<p><\/div><\/div>\n<div class=\"su-column su-column-size-1-2\"><div class=\"su-column-inner su-u-clearfix su-u-trim\"><\/p>\n<\/div>\n<div>\n<p>&nbsp;<\/p>\n<\/div>\n<p><img loading=\"lazy\" class=\"size-full wp-image-751 aligncenter\" src=\"http:\/\/www.ciaobella.fr\/site\/wp-content\/uploads\/2011\/11\/du_temps.jpg\" alt=\"\" width=\"200\" height=\"200\" srcset=\"http:\/\/www.ciaobella.fr\/site\/wp-content\/uploads\/2011\/11\/du_temps.jpg 200w, http:\/\/www.ciaobella.fr\/site\/wp-content\/uploads\/2011\/11\/du_temps-150x150.jpg 150w\" sizes=\"(max-width: 200px) 100vw, 200px\" \/><\/p>\n<div style=\"padding-left: 80px;\"><\/div>\n<div>\n<p><\/div><\/div><\/div>\n<p>&nbsp;<\/p>\n<\/div>\n<div class=\"su-youtube su-u-responsive-media-yes\"><iframe width=\"380\" height=\"400\" src=\"https:\/\/www.youtube.com\/embed\/KrqyrlwPO5U?\" frameborder=\"0\" allowfullscreen allow=\"autoplay; encrypted-media; picture-in-picture\" title=\"\"><\/iframe><\/div>\n<p>&nbsp;<\/p>\n<\/div><i class=\"fa fa-close cq-expandgrid-close\"><\/i><\/div><\/div><\/div><div class=\"wpb_wrapper td_block_empty_space td_block_wrap vc_empty_space tdi_32 \"  style=\"height: 60px\"><\/div><\/div><\/div><\/div><\/div><div id=\"tdi_33\" class=\"tdc-row\"><div id=\"autrelivre\" class=\"vc_row tdi_34  wpb_row td-pb-row\" >\n<style scoped>\n\n\/* custom css *\/\n.tdi_34,\r\n                .tdi_34 .tdc-columns{\r\n                    min-height: 0;\r\n                }.tdi_34,\r\n\t\t\t\t.tdi_34 .tdc-columns{\r\n\t\t\t\t    display: block;\r\n\t\t\t\t}.tdi_34 .tdc-columns{\r\n\t\t\t\t    width: 100%;\r\n\t\t\t\t}\n<\/style><div class=\"vc_column tdi_36 .my-uc_content wpb_column vc_column_container tdc-column td-pb-span12\">\n<style scoped>\n\n\/* custom css *\/\n.tdi_36{\r\n                    vertical-align: baseline;\r\n                }.tdi_36 > .wpb_wrapper,\r\n\t\t\t\t.tdi_36 > .wpb_wrapper > .tdc-elements{\r\n\t\t\t\t    display: block;\r\n\t\t\t\t}.tdi_36 > .wpb_wrapper > .tdc-elements{\r\n\t\t\t\t    width: 100%;\r\n\t\t\t\t}.tdi_36 > .wpb_wrapper > .vc_row_inner{\r\n\t\t\t\t    width: auto;\r\n\t\t\t\t}.tdi_36 > .wpb_wrapper{\r\n\t\t\t\t    width: auto;\r\n\t\t\t\t    height: auto;\r\n\t\t\t\t}\n<\/style><div class=\"wpb_wrapper\">[ucaddon_side_border_title text=\u00a0\u00bbAUTRES PROJETS\u00a0\u00bb bg_clr=\u00a0\u00bb#e13689&Prime; uc_fonts_data=\u00a0\u00bbJTdCJTdE\u00a0\u00bb]<div class=\"wpb_wrapper td_block_empty_space td_block_wrap vc_empty_space tdi_38 \"  style=\"height: 32px\"><\/div>[vc_wp_text]\r\n<p style=\"text-align: center;\"><span style=\"color: #e13689;\"><em>cliquez sur les images pour plus de d\u00e9tail<\/em><\/span><\/p>\r\n[\/vc_wp_text]<div class=\"cq-expandgrid cq-circular- cq-expandgrid-customized cq-expandgrid-avatar- cq-expandgrid-close-yes cq-expandgrid-in4  \" data-itemheight=\"400\" data-autoslide=\"no\" data-itemsize=\"customized\" data-transparentitem=\"yes\" data-openfirst=\"yes\" data-labelfontsize=\"\" data-nocircular=\"\" data-subfontsize=\"\" data-scrollto=\"\" data-scrolloffset=\"0\"><div class=\"cq-expandgrid-item cq-expandgrid-initstate cq-transparent\" data-image=\"http:\/\/www.ciaobella.fr\/site\/wp-content\/uploads\/2019\/09\/CoupdeBlouse.jpg\" data-bgstyle=\"cq-transparent\" data-backgroundcolor=\"\" data-backgroundhovercolor=\"\" data-avatartype=\"none\" data-avatar=\"\" data-contentcolor=\"\" data-iconcolor=\"\" data-iconsize=\"\" data-labelcolor=\"\" data-subtitlecolor=\"\" title=\"\"><div class=\"cq-expandgrid-face cq-expandgrid-toggle\" style=\"\"><div class=\"cq-expandgrid-facecontent\"><\/div><div class=\"cq-expandgrid-arrow\" style=\"\"><\/div><\/div><div class=\"cq-expandgrid-content\" style=\"\"><div class=\"cq-expandgrid-text\"><h3 style=\"text-align: left; padding-left: 40px;\"><strong>COUP DE BLOUSE A l&rsquo;HOSTO (Sophie Ruell\u00e9)<br \/>\n<\/strong><\/h3>\n<p style=\"text-align: left; padding-left: 40px;\"><em>Date de sortie : 12 mars 2019 <\/em><\/p>\n<p>&nbsp;<\/p>\n<p style=\"text-align: left; padding-left: 40px;\"><em><strong>Collaboration :<\/strong><\/em><\/p>\n<p style=\"padding-left: 80px;\">\u2192 Auteure de la pr\u00e9face du livre<\/p>\n<p>&nbsp;<\/p>\n<p style=\"padding-left: 40px;\"><em><strong>R\u00e9sum\u00e9 du livre :<\/strong><\/em><\/p>\n<p style=\"padding-left: 40px; text-align: justify;\">Dans notre profession, on en voit de toutes les couleurs\u2026 et c&rsquo;est peu de le dire ! \u00c0 table, notre entourage nous supplie g\u00e9n\u00e9ralement d&rsquo;attendre la fin du repas, voire\u2026 de nous taire \u00e0 jamais sur certaines anecdotes des coulisses de l&rsquo;h\u00f4pital. C&rsquo;est pourquoi, une bonne fois pour toutes, je vais ici tout vous raconter\u2026<\/p>\n<p style=\"padding-left: 40px; text-align: justify;\">G\u00e9riatrie, maternit\u00e9, EHPAD, urgences : entre \u00e9motions, fous-rires et frustrations, la vie dans chaque service est bien loin de la routine ! Sophie Ruell\u00e9 nous livre un t\u00e9moignage doux-amer sur son quotidien d&rsquo;infirmi\u00e8re.<\/p>\n<p>&nbsp;<\/p>\n<p style=\"text-align: left; padding-left: 40px;\"><a href=\"https:\/\/www.amazon.fr\/blouse-lhosto-infirmi%C3%A8re-raconte-quotidien\/dp\/2367042519\/\" class=\"su-button su-button-style-soft\" style=\"color:#defc04;background-color:#e13689;border-color:#b42c6e;border-radius:0px;-moz-border-radius:0px;-webkit-border-radius:0px\" target=\"_blank\" rel=\"noopener noreferrer\"><span style=\"color:#defc04;padding:0px 18px;font-size:14px;line-height:28px;border-color:#ea73ad;border-radius:0px;-moz-border-radius:0px;-webkit-border-radius:0px;text-shadow:none;-moz-text-shadow:none;-webkit-text-shadow:none\"> Acheter le livre<\/span><\/a><br \/>\n&nbsp;<\/p>\n<p><iframe loading=\"lazy\" src=\"https:\/\/www.rose-leblog.fr\/2019\/06\/17\/mes-amis-ecrivent\/\" width=\"100%\" height=\"500\" frameborder=\"0\" sandbox=\"\" allowfullscreen=\"allowfullscreen\"> <a href=\"https:\/\/www.rose-leblog.fr\/2019\/06\/17\/mes-amis-ecrivent\/\"><br \/>\nLien de repli pour les navigateurs ne prenant pas en charge iframe  <\/a>&nbsp;<\/p>\n<p>&nbsp;<\/p>\n<p><\/iframe><\/p>\n<\/div><i class=\"fa fa-close cq-expandgrid-close\"><\/i><\/div><\/div><div class=\"cq-expandgrid-item cq-expandgrid-initstate cq-transparent\" data-image=\"http:\/\/www.ciaobella.fr\/site\/wp-content\/uploads\/2019\/09\/JuliaVignali_livre-270x411.jpg\" data-bgstyle=\"cq-transparent\" data-backgroundcolor=\"\" data-backgroundhovercolor=\"\" data-avatartype=\"none\" data-avatar=\"\" data-contentcolor=\"\" data-iconcolor=\"\" data-iconsize=\"\" data-labelcolor=\"\" data-subtitlecolor=\"\" title=\"\"><div class=\"cq-expandgrid-face cq-expandgrid-toggle\" style=\"\"><div class=\"cq-expandgrid-facecontent\"><\/div><div class=\"cq-expandgrid-arrow\" style=\"\"><\/div><\/div><div class=\"cq-expandgrid-content\" style=\"\"><div class=\"cq-expandgrid-text\"><h3 style=\"text-align: left; padding-left: 40px;\"><strong>ET TOI, TU FAIS COMMENT ? (Julia Vignali)<br \/>\n<\/strong><\/h3>\n<p style=\"text-align: left; padding-left: 40px;\"><em>Date de sortie : 14 mai 2014 <\/em><\/p>\n<p>&nbsp;<\/p>\n<p style=\"text-align: left; padding-left: 40px;\"><em><strong>Collaboration :<\/strong><\/em><\/p>\n<p style=\"padding-left: 40px;\">\u2192 Figure parmi les t\u00e9moignages rassembl\u00e9s dans cet ouvrage<\/p>\n<p style=\"padding-left: 80px;\"><strong><em>Chapitre :<\/em><\/strong> Rose &#8211; \u00ab\u00a0Des chansons, et plein de questions&#8230;\u00a0\u00bb (pages 183 \u00e0 190)<\/p>\n<p>&nbsp;<\/p>\n<div>\n<p style=\"padding-left: 40px;\"><em><strong>R\u00e9sum\u00e9 du livre :<\/strong><\/em><\/p>\n<p style=\"padding-left: 40px; text-align: justify;\">Les changements de notre soci\u00e9t\u00e9 font-ils de nous de nouveaux parents ? Entre les progr\u00e8s de la m\u00e9decine, la remise en question du couple, de l&rsquo;autorit\u00e9, et la redistribution des r\u00f4les, qui sont les parents d&rsquo;aujourd&rsquo;hui ? S\u00fbrement pas des mod\u00e8les, mais des individus tous diff\u00e9rents, avec, pour les r\u00e9unir, une capacit\u00e9 \u00e0 s&rsquo;entraider et \u00e0 s&rsquo;adapter au monde qui change. Parce qu&rsquo;elle est maman et journaliste, Julia Vignali a enqu\u00eat\u00e9 aupr\u00e8s de sp\u00e9cialistes : p\u00e9dopsychiatre, sociologue, \u00e9conomiste et philosophe. Elle a aussi rencontr\u00e9 les parents de sa g\u00e9n\u00e9ration : T\u00e9t\u00e9, Elodie Gossuin, Zo\u00e9 F\u00e9lix, Rose, Cyril Hanouna, Camille Lacourt mais aussi des parents anonymes aux histoires extraordinaires. Entre sourire et \u00e9motion, Julia Vignali donne la parole aux parents d&rsquo;aujourd&rsquo;hui.<\/p>\n<p>&nbsp;<\/p>\n<\/div>\n<p style=\"padding-left: 40px; text-align: left;\"><a href=\"https:\/\/www.amazon.fr\/toi-fais-comment-rencontre-nouveaux\/dp\/2081336871\" class=\"su-button su-button-style-soft\" style=\"color:#defc04;background-color:#e13689;border-color:#b42c6e;border-radius:0px;-moz-border-radius:0px;-webkit-border-radius:0px\" target=\"_blank\" rel=\"noopener noreferrer\"><span style=\"color:#defc04;padding:0px 18px;font-size:14px;line-height:28px;border-color:#ea73ad;border-radius:0px;-moz-border-radius:0px;-webkit-border-radius:0px;text-shadow:none;-moz-text-shadow:none;-webkit-text-shadow:none\"> Acheter le livre<\/span><\/a><\/p>\n<\/div><i class=\"fa fa-close cq-expandgrid-close\"><\/i><\/div><\/div><\/div><div class=\"wpb_wrapper td_block_empty_space td_block_wrap vc_empty_space tdi_40 \"  style=\"height: 60px\"><\/div><\/div><\/div><\/div><\/div>","protected":false},"excerpt":{"rendered":"[vc_column_text]MENUMENUROSE AUTEUREROSE PAROLIEREAUTRES PROJETS[\/vc_column_text] [ucaddon_side_border_title text=\"ROSE AUTEURE\" bg_clr=\"#e13689\" uc_fonts_data=\"JTdCJTdE\"] J\u2019aurais pu me borner \u00e0 vivre heureuse et imiter le bonheur de mes parents. \u00c7'aurait \u00e9t\u00e9 simple. Tr\u00e8s simple. Il suffisait de se suffire. Mais, \u00e9ternelle insatisfaite, je n\u2019ai pas voulu d\u2019une vie simple. Ou d\u2019une simple vie. Non il fallait que \u00e7a cogne, que \u00e7a [...]","protected":false},"author":5,"featured_media":0,"parent":0,"menu_order":0,"comment_status":"open","ping_status":"closed","template":"","meta":[],"_links":{"self":[{"href":"http:\/\/www.ciaobella.fr\/site\/wp-json\/wp\/v2\/pages\/12499"}],"collection":[{"href":"http:\/\/www.ciaobella.fr\/site\/wp-json\/wp\/v2\/pages"}],"about":[{"href":"http:\/\/www.ciaobella.fr\/site\/wp-json\/wp\/v2\/types\/page"}],"author":[{"embeddable":true,"href":"http:\/\/www.ciaobella.fr\/site\/wp-json\/wp\/v2\/users\/5"}],"replies":[{"embeddable":true,"href":"http:\/\/www.ciaobella.fr\/site\/wp-json\/wp\/v2\/comments?post=12499"}],"version-history":[{"count":70,"href":"http:\/\/www.ciaobella.fr\/site\/wp-json\/wp\/v2\/pages\/12499\/revisions"}],"predecessor-version":[{"id":12970,"href":"http:\/\/www.ciaobella.fr\/site\/wp-json\/wp\/v2\/pages\/12499\/revisions\/12970"}],"wp:attachment":[{"href":"http:\/\/www.ciaobella.fr\/site\/wp-json\/wp\/v2\/media?parent=12499"}],"curies":[{"name":"wp","href":"https:\/\/api.w.org\/{rel}","templated":true}]}}